{"id":28060,"date":"2024-07-18T22:19:17","date_gmt":"2024-07-18T22:19:17","guid":{"rendered":"https:\/\/stradainteriors.com\/?post_type=cpt_portfolio&#038;p=28060"},"modified":"2025-07-02T13:55:28","modified_gmt":"2025-07-02T13:55:28","slug":"clinica-mayol","status":"publish","type":"cpt_portfolio","link":"https:\/\/stradainteriors.com\/ca\/portfolio\/clinica-mayol\/","title":{"rendered":"CL\u00cdNICA MAYOL"},"content":{"rendered":"\n<div class=\"wp-block-columns is-layout-flex wp-container-core-columns-is-layout-9d6595d7 wp-block-columns-is-layout-flex\">\n<div class=\"wp-block-column is-layout-flow wp-block-column-is-layout-flow\">\n<h3 class=\"wp-block-heading\"><strong>CL\u00cdNICA MAYOL<\/strong><\/h3>\n\n\n\n<h6 class=\"wp-block-heading\"><strong>Projecte<\/strong> <\/h6>\n\n\n\n<p>Strada Interiors &#8211; Laura Strada <\/p>\n<\/div>\n\n\n\n<div class=\"wp-block-column is-layout-flow wp-block-column-is-layout-flow\">\n<div style=\"height:20px\" aria-hidden=\"true\" class=\"wp-block-spacer\"><\/div>\n\n\n\n<p>Dins la prestigiosa Cl\u00ednica d\u2019Est\u00e8tica Mayol, dirigida per la reconeguda Dra. Esther Mayol, s\u2019ha dut a terme una remodelaci\u00f3 que redefineix el concepte d\u2019eleg\u00e0ncia i funcionalitat. Strada Interiors s\u2019ha encarregat de realitzar un restyling integral, harmonitzant amb el recent canvi d\u2019imatge corporativa.<\/p>\n\n\n\n<p>Un Entorn Inspirat en la Bellesa Atemporal<br>Inspirats en la bellesa atemporal, s\u2019ha creat un ambient on els tons beix i pastel es difuminen amb subtils tocs de daurat, evocant una sensaci\u00f3 de luxe discret. Cada rac\u00f3 de la cl\u00ednica ha estat meticulosament dissenyat per fusionar la sofisticaci\u00f3 amb la calidesa, amb el prop\u00f2sit de proporcionar una experi\u00e8ncia sensorial \u00fanica per als pacients.<\/p>\n\n\n\n<p>Espais Renovats per a un Confort \u00d2ptim<br>La cl\u00ednica, que t\u00e9 400 m\u00b2 i est\u00e0 formada per 11 cabines, 3 despatxos, 2 sales d\u2019espera i 1 sala de formaci\u00f3, ha estat completament renovada. El terra de parquet aporta una sensaci\u00f3 de calidesa i confort, mentre que algunes parets estan revestides de paper amb textura de pedreria, atorgant un aire sofisticat.<\/p>\n\n\n\n<div style=\"height:20px\" aria-hidden=\"true\" class=\"wp-block-spacer\"><\/div>\n<\/div>\n\n\n\n<div class=\"wp-block-column is-layout-flow wp-block-column-is-layout-flow\">\n<div style=\"height:20px\" aria-hidden=\"true\" class=\"wp-block-spacer\"><\/div>\n\n\n\n<p>Il\u00b7luminaci\u00f3 i Detalls de Disseny<br>Les llumin\u00e0ries de suspensi\u00f3 i dels despatxos juguen amb els daurats i les formes ondulades, afegint un toc d\u2019eleg\u00e0ncia i dinamisme a l\u2019espai. El passad\u00eds revestit amb material texturitzat de ratlles i amb il\u00b7luminaci\u00f3 \u00e9s el protagonista, continuant cap al moble del mostrador, que destaca la imatge de la cl\u00ednica.<\/p>\n\n\n\n<p>Mobiliari a Mida i Elements de Biof\u00edlia<br>Tot el mobiliari est\u00e0 realitzat a mida, assegurant un ajust perfecte al disseny i la funcionalitat de l\u2019espai. A m\u00e9s, es troben jardineres amb plantes que repeteixen el concepte de biof\u00edlia, revestides del mateix material que s\u2019adapta a l\u2019arquitectura, amb plantes de colors roses corporatius.<\/p>\n\n\n\n<p>Objectiu: Benestar Integral<br>L\u2019objectiu de l\u2019interiorisme d\u2019aquesta cl\u00ednica \u00e9s que el disseny d\u2019interiors vagi m\u00e9s enll\u00e0 de l\u2019est\u00e8tic per crear experi\u00e8ncies que promoguin el benestar integral i submergir-se en aquest oasi de bellesa i tranquil\u00b7litat.<\/p>\n\n\n\n<div style=\"height:20px\" aria-hidden=\"true\" class=\"wp-block-spacer\"><\/div>\n<\/div>\n<\/div>\n\n\n\n<div class=\"wp-block-columns is-layout-flex wp-container-core-columns-is-layout-9d6595d7 wp-block-columns-is-layout-flex\">\n<div class=\"wp-block-column is-layout-flow wp-block-column-is-layout-flow\"><\/div>\n<\/div>\n\n\n\n<div class=\"wp-block-columns is-layout-flex wp-container-core-columns-is-layout-9d6595d7 wp-block-columns-is-layout-flex\">\n<div class=\"wp-block-column is-layout-flow wp-block-column-is-layout-flow\"><\/div>\n\n\n\n<div class=\"wp-block-column is-layout-flow wp-block-column-is-layout-flow\"><\/div>\n<\/div>\n\n\n\n<div class=\"wp-block-columns is-layout-flex wp-container-core-columns-is-layout-9d6595d7 wp-block-columns-is-layout-flex\">\n<div class=\"wp-block-column is-layout-flow wp-block-column-is-layout-flow\"><\/div>\n<\/div>\n","protected":false},"excerpt":{"rendered":"<p>CL\u00cdNICA MAYOL Projecte Strada Interiors &#8211; Laura Strada Dins la prestigiosa Cl\u00ednica d\u2019Est\u00e8tica Mayol, dirigida per la reconeguda Dra. Esther Mayol, s\u2019ha dut a terme una remodelaci\u00f3 que redefineix el&hellip;<\/p>\n","protected":false},"author":3,"featured_media":28093,"comment_status":"closed","ping_status":"closed","template":"","cpt_portfolio_group":[242],"class_list":["post-28060","cpt_portfolio","type-cpt_portfolio","status-publish","has-post-thumbnail","hentry","cpt_portfolio_group-interiorismo-comercial-ca"],"yoast_head":"<!-- This site is optimized with the Yoast SEO plugin v27.5 - https:\/\/yoast.com\/product\/yoast-seo-wordpress\/ -->\n<title>CL\u00cdNICA MAYOL - Strada Interiors<\/title>\n<meta name=\"description\" content=\"Descubre la remodelaci\u00f3n de Cl\u00ednica Mayol por Strada Interiors, donde elegancia, confort y dise\u00f1o se unen para crear un espacio de bienestar.\" \/>\n<meta name=\"robots\" content=\"index, follow, max-snippet:-1, max-image-preview:large, max-video-preview:-1\" \/>\n<link rel=\"canonical\" href=\"https:\/\/stradainteriors.com\/ca\/portfolio\/clinica-mayol\/\" \/>\n<meta property=\"og:locale\" content=\"ca_ES\" \/>\n<meta property=\"og:type\" content=\"article\" \/>\n<meta property=\"og:title\" content=\"CL\u00cdNICA MAYOL - Strada Interiors\" \/>\n<meta property=\"og:description\" content=\"Descubre la remodelaci\u00f3n de Cl\u00ednica Mayol por Strada Interiors, donde elegancia, confort y dise\u00f1o se unen para crear un espacio de bienestar.\" \/>\n<meta property=\"og:url\" content=\"https:\/\/stradainteriors.com\/ca\/portfolio\/clinica-mayol\/\" \/>\n<meta property=\"og:site_name\" content=\"Strada Interiors\" \/>\n<meta property=\"article:modified_time\" content=\"2025-07-02T13:55:28+00:00\" \/>\n<meta property=\"og:image\" content=\"https:\/\/stradainteriors.com\/wp-content\/uploads\/2024\/07\/clinicamayol-stradainteriors-02-1024x683.webp\" \/>\n\t<meta property=\"og:image:width\" content=\"1024\" \/>\n\t<meta property=\"og:image:height\" content=\"683\" \/>\n\t<meta property=\"og:image:type\" content=\"image\/webp\" \/>\n<meta name=\"twitter:card\" content=\"summary_large_image\" \/>\n<meta name=\"twitter:label1\" content=\"Temps estimat de lectura\" \/>\n\t<meta name=\"twitter:data1\" content=\"2 minuts\" \/>\n<script type=\"application\/ld+json\" class=\"yoast-schema-graph\">{\"@context\":\"https:\\\/\\\/schema.org\",\"@graph\":[{\"@type\":\"WebPage\",\"@id\":\"https:\\\/\\\/stradainteriors.com\\\/ca\\\/portfolio\\\/clinica-mayol\\\/\",\"url\":\"https:\\\/\\\/stradainteriors.com\\\/ca\\\/portfolio\\\/clinica-mayol\\\/\",\"name\":\"CL\u00cdNICA MAYOL - Strada Interiors\",\"isPartOf\":{\"@id\":\"https:\\\/\\\/stradainteriors.com\\\/#website\"},\"primaryImageOfPage\":{\"@id\":\"https:\\\/\\\/stradainteriors.com\\\/ca\\\/portfolio\\\/clinica-mayol\\\/#primaryimage\"},\"image\":{\"@id\":\"https:\\\/\\\/stradainteriors.com\\\/ca\\\/portfolio\\\/clinica-mayol\\\/#primaryimage\"},\"thumbnailUrl\":\"https:\\\/\\\/stradainteriors.com\\\/wp-content\\\/uploads\\\/2024\\\/07\\\/clinicamayol-stradainteriors-02.webp\",\"datePublished\":\"2024-07-18T22:19:17+00:00\",\"dateModified\":\"2025-07-02T13:55:28+00:00\",\"description\":\"Descubre la remodelaci\u00f3n de Cl\u00ednica Mayol por Strada Interiors, donde elegancia, confort y dise\u00f1o se unen para crear un espacio de bienestar.\",\"breadcrumb\":{\"@id\":\"https:\\\/\\\/stradainteriors.com\\\/ca\\\/portfolio\\\/clinica-mayol\\\/#breadcrumb\"},\"inLanguage\":\"ca\",\"potentialAction\":[{\"@type\":\"ReadAction\",\"target\":[\"https:\\\/\\\/stradainteriors.com\\\/ca\\\/portfolio\\\/clinica-mayol\\\/\"]}]},{\"@type\":\"ImageObject\",\"inLanguage\":\"ca\",\"@id\":\"https:\\\/\\\/stradainteriors.com\\\/ca\\\/portfolio\\\/clinica-mayol\\\/#primaryimage\",\"url\":\"https:\\\/\\\/stradainteriors.com\\\/wp-content\\\/uploads\\\/2024\\\/07\\\/clinicamayol-stradainteriors-02.webp\",\"contentUrl\":\"https:\\\/\\\/stradainteriors.com\\\/wp-content\\\/uploads\\\/2024\\\/07\\\/clinicamayol-stradainteriors-02.webp\",\"width\":8003,\"height\":5335},{\"@type\":\"BreadcrumbList\",\"@id\":\"https:\\\/\\\/stradainteriors.com\\\/ca\\\/portfolio\\\/clinica-mayol\\\/#breadcrumb\",\"itemListElement\":[{\"@type\":\"ListItem\",\"position\":1,\"name\":\"Inicio\",\"item\":\"https:\\\/\\\/stradainteriors.com\\\/ca\\\/\"},{\"@type\":\"ListItem\",\"position\":2,\"name\":\"Portfolio\",\"item\":\"https:\\\/\\\/stradainteriors.com\\\/portfolio\\\/\"},{\"@type\":\"ListItem\",\"position\":3,\"name\":\"CL\u00cdNICA MAYOL\"}]},{\"@type\":\"WebSite\",\"@id\":\"https:\\\/\\\/stradainteriors.com\\\/#website\",\"url\":\"https:\\\/\\\/stradainteriors.com\\\/\",\"name\":\"Strada Interiors\",\"description\":\"Dise\u00f1o de Interiors\",\"publisher\":{\"@id\":\"https:\\\/\\\/stradainteriors.com\\\/#organization\"},\"potentialAction\":[{\"@type\":\"SearchAction\",\"target\":{\"@type\":\"EntryPoint\",\"urlTemplate\":\"https:\\\/\\\/stradainteriors.com\\\/?s={search_term_string}\"},\"query-input\":{\"@type\":\"PropertyValueSpecification\",\"valueRequired\":true,\"valueName\":\"search_term_string\"}}],\"inLanguage\":\"ca\"},{\"@type\":\"Organization\",\"@id\":\"https:\\\/\\\/stradainteriors.com\\\/#organization\",\"name\":\"Strada Interiors\",\"url\":\"https:\\\/\\\/stradainteriors.com\\\/\",\"logo\":{\"@type\":\"ImageObject\",\"inLanguage\":\"ca\",\"@id\":\"https:\\\/\\\/stradainteriors.com\\\/#\\\/schema\\\/logo\\\/image\\\/\",\"url\":\"https:\\\/\\\/stradainteriors.com\\\/wp-content\\\/uploads\\\/2021\\\/12\\\/logo_strada_marca_negatiu_negre.webp\",\"contentUrl\":\"https:\\\/\\\/stradainteriors.com\\\/wp-content\\\/uploads\\\/2021\\\/12\\\/logo_strada_marca_negatiu_negre.webp\",\"width\":507,\"height\":221,\"caption\":\"Strada Interiors\"},\"image\":{\"@id\":\"https:\\\/\\\/stradainteriors.com\\\/#\\\/schema\\\/logo\\\/image\\\/\"}}]}<\/script>\n<!-- \/ Yoast SEO plugin. -->","yoast_head_json":{"title":"CL\u00cdNICA MAYOL - Strada Interiors","description":"Descubre la remodelaci\u00f3n de Cl\u00ednica Mayol por Strada Interiors, donde elegancia, confort y dise\u00f1o se unen para crear un espacio de bienestar.","robots":{"index":"index","follow":"follow","max-snippet":"max-snippet:-1","max-image-preview":"max-image-preview:large","max-video-preview":"max-video-preview:-1"},"canonical":"https:\/\/stradainteriors.com\/ca\/portfolio\/clinica-mayol\/","og_locale":"ca_ES","og_type":"article","og_title":"CL\u00cdNICA MAYOL - Strada Interiors","og_description":"Descubre la remodelaci\u00f3n de Cl\u00ednica Mayol por Strada Interiors, donde elegancia, confort y dise\u00f1o se unen para crear un espacio de bienestar.","og_url":"https:\/\/stradainteriors.com\/ca\/portfolio\/clinica-mayol\/","og_site_name":"Strada Interiors","article_modified_time":"2025-07-02T13:55:28+00:00","og_image":[{"width":1024,"height":683,"url":"https:\/\/stradainteriors.com\/wp-content\/uploads\/2024\/07\/clinicamayol-stradainteriors-02-1024x683.webp","type":"image\/webp"}],"twitter_card":"summary_large_image","twitter_misc":{"Temps estimat de lectura":"2 minuts"},"schema":{"@context":"https:\/\/schema.org","@graph":[{"@type":"WebPage","@id":"https:\/\/stradainteriors.com\/ca\/portfolio\/clinica-mayol\/","url":"https:\/\/stradainteriors.com\/ca\/portfolio\/clinica-mayol\/","name":"CL\u00cdNICA MAYOL - Strada Interiors","isPartOf":{"@id":"https:\/\/stradainteriors.com\/#website"},"primaryImageOfPage":{"@id":"https:\/\/stradainteriors.com\/ca\/portfolio\/clinica-mayol\/#primaryimage"},"image":{"@id":"https:\/\/stradainteriors.com\/ca\/portfolio\/clinica-mayol\/#primaryimage"},"thumbnailUrl":"https:\/\/stradainteriors.com\/wp-content\/uploads\/2024\/07\/clinicamayol-stradainteriors-02.webp","datePublished":"2024-07-18T22:19:17+00:00","dateModified":"2025-07-02T13:55:28+00:00","description":"Descubre la remodelaci\u00f3n de Cl\u00ednica Mayol por Strada Interiors, donde elegancia, confort y dise\u00f1o se unen para crear un espacio de bienestar.","breadcrumb":{"@id":"https:\/\/stradainteriors.com\/ca\/portfolio\/clinica-mayol\/#breadcrumb"},"inLanguage":"ca","potentialAction":[{"@type":"ReadAction","target":["https:\/\/stradainteriors.com\/ca\/portfolio\/clinica-mayol\/"]}]},{"@type":"ImageObject","inLanguage":"ca","@id":"https:\/\/stradainteriors.com\/ca\/portfolio\/clinica-mayol\/#primaryimage","url":"https:\/\/stradainteriors.com\/wp-content\/uploads\/2024\/07\/clinicamayol-stradainteriors-02.webp","contentUrl":"https:\/\/stradainteriors.com\/wp-content\/uploads\/2024\/07\/clinicamayol-stradainteriors-02.webp","width":8003,"height":5335},{"@type":"BreadcrumbList","@id":"https:\/\/stradainteriors.com\/ca\/portfolio\/clinica-mayol\/#breadcrumb","itemListElement":[{"@type":"ListItem","position":1,"name":"Inicio","item":"https:\/\/stradainteriors.com\/ca\/"},{"@type":"ListItem","position":2,"name":"Portfolio","item":"https:\/\/stradainteriors.com\/portfolio\/"},{"@type":"ListItem","position":3,"name":"CL\u00cdNICA MAYOL"}]},{"@type":"WebSite","@id":"https:\/\/stradainteriors.com\/#website","url":"https:\/\/stradainteriors.com\/","name":"Strada Interiors","description":"Dise\u00f1o de Interiors","publisher":{"@id":"https:\/\/stradainteriors.com\/#organization"},"potentialAction":[{"@type":"SearchAction","target":{"@type":"EntryPoint","urlTemplate":"https:\/\/stradainteriors.com\/?s={search_term_string}"},"query-input":{"@type":"PropertyValueSpecification","valueRequired":true,"valueName":"search_term_string"}}],"inLanguage":"ca"},{"@type":"Organization","@id":"https:\/\/stradainteriors.com\/#organization","name":"Strada Interiors","url":"https:\/\/stradainteriors.com\/","logo":{"@type":"ImageObject","inLanguage":"ca","@id":"https:\/\/stradainteriors.com\/#\/schema\/logo\/image\/","url":"https:\/\/stradainteriors.com\/wp-content\/uploads\/2021\/12\/logo_strada_marca_negatiu_negre.webp","contentUrl":"https:\/\/stradainteriors.com\/wp-content\/uploads\/2021\/12\/logo_strada_marca_negatiu_negre.webp","width":507,"height":221,"caption":"Strada Interiors"},"image":{"@id":"https:\/\/stradainteriors.com\/#\/schema\/logo\/image\/"}}]}},"_links":{"self":[{"href":"https:\/\/stradainteriors.com\/ca\/wp-json\/wp\/v2\/cpt_portfolio\/28060","targetHints":{"allow":["GET"]}}],"collection":[{"href":"https:\/\/stradainteriors.com\/ca\/wp-json\/wp\/v2\/cpt_portfolio"}],"about":[{"href":"https:\/\/stradainteriors.com\/ca\/wp-json\/wp\/v2\/types\/cpt_portfolio"}],"author":[{"embeddable":true,"href":"https:\/\/stradainteriors.com\/ca\/wp-json\/wp\/v2\/users\/3"}],"replies":[{"embeddable":true,"href":"https:\/\/stradainteriors.com\/ca\/wp-json\/wp\/v2\/comments?post=28060"}],"wp:featuredmedia":[{"embeddable":true,"href":"https:\/\/stradainteriors.com\/ca\/wp-json\/wp\/v2\/media\/28093"}],"wp:attachment":[{"href":"https:\/\/stradainteriors.com\/ca\/wp-json\/wp\/v2\/media?parent=28060"}],"wp:term":[{"taxonomy":"cpt_portfolio_group","embeddable":true,"href":"https:\/\/stradainteriors.com\/ca\/wp-json\/wp\/v2\/cpt_portfolio_group?post=28060"}],"curies":[{"name":"wp","href":"https:\/\/api.w.org\/{rel}","templated":true}]}}