{"id":27640,"date":"2024-01-04T08:21:40","date_gmt":"2024-01-04T08:21:40","guid":{"rendered":"https:\/\/stradainteriors.com\/portfolio\/vivienda-clara\/"},"modified":"2025-07-02T14:46:13","modified_gmt":"2025-07-02T14:46:13","slug":"vivienda-clara","status":"publish","type":"cpt_portfolio","link":"https:\/\/stradainteriors.com\/ca\/portfolio\/vivienda-clara\/","title":{"rendered":"Vivienda Clar\u00e1"},"content":{"rendered":"\n<p class=\"has-text-align-center\"><br><\/p>\n\n\n\n<div class=\"wp-block-columns is-layout-flex wp-container-core-columns-is-layout-9d6595d7 wp-block-columns-is-layout-flex\">\n<div class=\"wp-block-column is-layout-flow wp-block-column-is-layout-flow\">\n<h3 class=\"wp-block-heading\"><a href=\"Dualhome:%20Un%20Espacio%20para%20Vivir%20y%20Trabajar%20En%20este%20rinc%C3%B3n%20especial,%20hemos%20transformado%20el%20concepto%20de%20hogar%20para%20adaptarlo%20a%20la%20nueva%20forma%20de%20vivir%20y%20trabajar%20que%20todos%20hemos%20experimentado.%20La%20idea%20naci%C3%B3%20durante%20el%20confinamiento,%20cuando%20nos%20dimos%20cuenta%20de%20la%20importancia%20de%20tener%20un%20hogar%20conectado,%20especialmente%20entre%20la%20cocina%20y%20el%20sal%C3%B3n,%20donde%20la%20vida%20en%20familia%20cobra%20vida.%20En%20este%20proyecto%20en%20particular,%20conectamos%20la%20cocina%20con%20una%20parte%20del%20sal%C3%B3n%20y%20creamos%20un%20rinc%C3%B3n%20vers%C3%A1til%20con%20una%20celos%C3%ADa%20de%20madera.%20Este%20espacio%20puede%20cerrarse%20parcialmente%20para%20teletrabajar%20o%20estudiar,%20brindando%20la%20flexibilidad%20de%20estar%20conectados%20o%20tener%20un%20momento%20de%20aislamiento%20seg%C3%BAn%20las%20necesidades.%20Dise%C3%B1amos%20una%20hermosa%20celos%C3%ADa%20de%20madera%20con%20texturas%20de%20cristales%20que%20se%20repiten%20en%20las%20puertas%20correderas,%20agregando%20continuidad%20y%20car%C3%A1cter%20%C3%BAnico%20al%20proyecto.%20Todo%20el%20mobiliario%20est%C3%A1%20dise%C3%B1ado%20a%20medida,%20fusionando%20una%20base%20blanca%20con%20toques%20de%20madera%20para%20brindar%20calidez%20al%20espacio.%20La%20cocina%20funcional%20presenta%20una%20isla%20que%20se%20transforma%20al%20final,%20con%20espacio%20para%20taburetes%20y%20puertas%20escamoteables%20para%20ocultar%20los%20electrodom%C3%A9sticos.%20Destacamos%20la%20personalidad%20con%20la%20encimera%20de%20Dekton%20Nilium%20y%20la%20integraci%C3%B3n%20funcional%20de%20la%20lavander%C3%ADa%20al%20final%20de%20la%20cocina.%20Cada%20detalle,%20desde%20las%20mesas%20del%20escritorio%20hasta%20el%20recibidor,%20ha%20sido%20cuidadosamente%20dise%C3%B1ado%20para%20ofrecer%20una%20experiencia%20%C3%BAnica%20convnuestro%20toque%20distintivo:%20la%20iluminaci%C3%B3n%20integrada%20que%20aporta%20emoci%C3%B3n%20y%20sensibilidad%20a%20cada%20rinc%C3%B3n.%20En%20este%20espacio,%20no%20solo%20creamos%20un%20lugar;%20construimos%20un%20hogar%20que%20se%20adapta%20a%20la%20vida%20de%20nuestros%20clientes%20para%20vivir%20y%20trabajar%20en%20armon%C3%ADa.\">Un pis per &#8220;arribar i no voler sortir&#8221;<\/a><\/h3>\n\n\n\n<h6 class=\"wp-block-heading\"><strong>Projecte<\/strong> <\/h6>\n\n\n\n<p>Strada Interiors &#8211; Laura Strada<\/p>\n<\/div>\n\n\n\n<div class=\"wp-block-column is-layout-flow wp-block-column-is-layout-flow\">\n<div style=\"height:20px\" aria-hidden=\"true\" class=\"wp-block-spacer\"><\/div>\n\n\n\n<p>En aquesta encantadora vivenda, se&#8217;ns va encomanar la tasca d&#8217;estilitzar cada rac\u00f3. La premissa era clara: no alterar l&#8217;estructura, sin\u00f3 posar-hi un toc actual, funcional, i que l&#8217;estil es fongu\u00e9s harmoniosament amb l&#8217;est\u00e8tica dels habitants.<\/p>\n\n\n\n<p>Vam partir d&#8217;una base elegant: el blanc, combinat amb la calidesa de la fusta i la textura amb llistons, una combinaci\u00f3 que es desplega amb gr\u00e0cia en totes les estances.<\/p>\n\n\n\n<p>El sal\u00f3 va ser objecte del nostre disseny meticul\u00f3s, amb un moble de TV a mida, integraci\u00f3 del pnaelat de la paret, un elegant moble buffet susp\u00e8s i el disseny singular de la taula. Les cadires d&#8217;Ondarreta aporten originalitat i car\u00e0cter a l&#8217;espai, mentre que el paper de paret imprimeix personalitat i profunditat.<\/p>\n\n\n\n<div style=\"height:100px\" aria-hidden=\"true\" class=\"wp-block-spacer\"><\/div>\n<\/div>\n\n\n\n<div class=\"wp-block-column is-layout-flow wp-block-column-is-layout-flow\">\n<div style=\"height:20px\" aria-hidden=\"true\" class=\"wp-block-spacer\"><\/div>\n\n\n\n<p>El dormitori principal compta amb un disseny de cap\u00e7al que, juntament amb el revestiment mural, li confereix un aire fresc i poc convencional, trencant amb els est\u00e0ndards habituals.<br><\/p>\n\n\n\n<p>L&#8217;habitaci\u00f3 infantil va ser concebuda amb la funcionalitat en ment: mobiliari a mida, abundant emmagatzematge i una paleta de colors que es repeteix per tota la casa.<br>L&#8217;estudi, amb el seu disseny original i funcional, mant\u00e9 l&#8217;ess\u00e8ncia coherent que impregna tota la vivenda.<br><\/p>\n\n\n\n<p>En cada rac\u00f3, busquem no nom\u00e9s dissenyar espais, sin\u00f3 tamb\u00e9 explicar la hist\u00f2ria de qui crida aquesta casa el seu llar. Perqu\u00e8 per a nosaltres, cada projecte \u00e9s una narrativa d&#8217;estil, eleg\u00e0ncia i autenticitat.<\/p>\n\n\n\n<div style=\"height:100px\" aria-hidden=\"true\" class=\"wp-block-spacer\"><\/div>\n<\/div>\n<\/div>\n\n\n\n<p> <\/p>\n\n\n\n<div class=\"wp-block-columns is-layout-flex wp-container-core-columns-is-layout-9d6595d7 wp-block-columns-is-layout-flex\">\n<div class=\"wp-block-column is-layout-flow wp-block-column-is-layout-flow\"><\/div>\n\n\n\n<div class=\"wp-block-column is-layout-flow wp-block-column-is-layout-flow\"><\/div>\n<\/div>\n\n\n\n<div class=\"wp-block-columns is-layout-flex wp-container-core-columns-is-layout-9d6595d7 wp-block-columns-is-layout-flex\"><\/div>\n","protected":false},"excerpt":{"rendered":"<p>Un pis per &#8220;arribar i no voler sortir&#8221; Projecte Strada Interiors &#8211; Laura Strada En aquesta encantadora vivenda, se&#8217;ns va encomanar la tasca d&#8217;estilitzar cada rac\u00f3. La premissa era clara:&hellip;<\/p>\n","protected":false},"author":3,"featured_media":26637,"comment_status":"closed","ping_status":"closed","template":"","cpt_portfolio_group":[237],"class_list":["post-27640","cpt_portfolio","type-cpt_portfolio","status-publish","has-post-thumbnail","hentry","cpt_portfolio_group-interiorismo-residencial-ca"],"yoast_head":"<!-- This site is optimized with the Yoast SEO plugin v27.5 - https:\/\/yoast.com\/product\/yoast-seo-wordpress\/ -->\n<title>Vivienda Clar\u00e1 - Strada Interiors<\/title>\n<meta name=\"robots\" content=\"index, follow, max-snippet:-1, max-image-preview:large, max-video-preview:-1\" \/>\n<link rel=\"canonical\" href=\"https:\/\/stradainteriors.com\/ca\/portfolio\/vivienda-clara\/\" \/>\n<meta property=\"og:locale\" content=\"ca_ES\" \/>\n<meta property=\"og:type\" content=\"article\" \/>\n<meta property=\"og:title\" content=\"Vivienda Clar\u00e1 - Strada Interiors\" \/>\n<meta property=\"og:description\" content=\"Un pis per &#8220;arribar i no voler sortir&#8221; Projecte Strada Interiors &#8211; Laura Strada En aquesta encantadora vivenda, se&#8217;ns va encomanar la tasca d&#8217;estilitzar cada rac\u00f3. La premissa era clara:&hellip;\" \/>\n<meta property=\"og:url\" content=\"https:\/\/stradainteriors.com\/ca\/portfolio\/vivienda-clara\/\" \/>\n<meta property=\"og:site_name\" content=\"Strada Interiors\" \/>\n<meta property=\"article:modified_time\" content=\"2025-07-02T14:46:13+00:00\" \/>\n<meta property=\"og:image\" content=\"https:\/\/stradainteriors.com\/wp-content\/uploads\/2024\/01\/portada_viviendaclara.webp\" \/>\n\t<meta property=\"og:image:width\" content=\"1200\" \/>\n\t<meta property=\"og:image:height\" content=\"800\" \/>\n\t<meta property=\"og:image:type\" content=\"image\/webp\" \/>\n<meta name=\"twitter:card\" content=\"summary_large_image\" \/>\n<meta name=\"twitter:label1\" content=\"Temps estimat de lectura\" \/>\n\t<meta name=\"twitter:data1\" content=\"2 minuts\" \/>\n<script type=\"application\/ld+json\" class=\"yoast-schema-graph\">{\"@context\":\"https:\\\/\\\/schema.org\",\"@graph\":[{\"@type\":\"WebPage\",\"@id\":\"https:\\\/\\\/stradainteriors.com\\\/ca\\\/portfolio\\\/vivienda-clara\\\/\",\"url\":\"https:\\\/\\\/stradainteriors.com\\\/ca\\\/portfolio\\\/vivienda-clara\\\/\",\"name\":\"Vivienda Clar\u00e1 - Strada Interiors\",\"isPartOf\":{\"@id\":\"https:\\\/\\\/stradainteriors.com\\\/#website\"},\"primaryImageOfPage\":{\"@id\":\"https:\\\/\\\/stradainteriors.com\\\/ca\\\/portfolio\\\/vivienda-clara\\\/#primaryimage\"},\"image\":{\"@id\":\"https:\\\/\\\/stradainteriors.com\\\/ca\\\/portfolio\\\/vivienda-clara\\\/#primaryimage\"},\"thumbnailUrl\":\"https:\\\/\\\/stradainteriors.com\\\/wp-content\\\/uploads\\\/2024\\\/01\\\/portada_viviendaclara.webp\",\"datePublished\":\"2024-01-04T08:21:40+00:00\",\"dateModified\":\"2025-07-02T14:46:13+00:00\",\"breadcrumb\":{\"@id\":\"https:\\\/\\\/stradainteriors.com\\\/ca\\\/portfolio\\\/vivienda-clara\\\/#breadcrumb\"},\"inLanguage\":\"ca\",\"potentialAction\":[{\"@type\":\"ReadAction\",\"target\":[\"https:\\\/\\\/stradainteriors.com\\\/ca\\\/portfolio\\\/vivienda-clara\\\/\"]}]},{\"@type\":\"ImageObject\",\"inLanguage\":\"ca\",\"@id\":\"https:\\\/\\\/stradainteriors.com\\\/ca\\\/portfolio\\\/vivienda-clara\\\/#primaryimage\",\"url\":\"https:\\\/\\\/stradainteriors.com\\\/wp-content\\\/uploads\\\/2024\\\/01\\\/portada_viviendaclara.webp\",\"contentUrl\":\"https:\\\/\\\/stradainteriors.com\\\/wp-content\\\/uploads\\\/2024\\\/01\\\/portada_viviendaclara.webp\",\"width\":1200,\"height\":800},{\"@type\":\"BreadcrumbList\",\"@id\":\"https:\\\/\\\/stradainteriors.com\\\/ca\\\/portfolio\\\/vivienda-clara\\\/#breadcrumb\",\"itemListElement\":[{\"@type\":\"ListItem\",\"position\":1,\"name\":\"Inicio\",\"item\":\"https:\\\/\\\/stradainteriors.com\\\/ca\\\/\"},{\"@type\":\"ListItem\",\"position\":2,\"name\":\"Portfolio\",\"item\":\"https:\\\/\\\/stradainteriors.com\\\/portfolio\\\/\"},{\"@type\":\"ListItem\",\"position\":3,\"name\":\"Vivienda Clar\u00e1\"}]},{\"@type\":\"WebSite\",\"@id\":\"https:\\\/\\\/stradainteriors.com\\\/#website\",\"url\":\"https:\\\/\\\/stradainteriors.com\\\/\",\"name\":\"Strada Interiors\",\"description\":\"Dise\u00f1o de Interiors\",\"publisher\":{\"@id\":\"https:\\\/\\\/stradainteriors.com\\\/#organization\"},\"potentialAction\":[{\"@type\":\"SearchAction\",\"target\":{\"@type\":\"EntryPoint\",\"urlTemplate\":\"https:\\\/\\\/stradainteriors.com\\\/?s={search_term_string}\"},\"query-input\":{\"@type\":\"PropertyValueSpecification\",\"valueRequired\":true,\"valueName\":\"search_term_string\"}}],\"inLanguage\":\"ca\"},{\"@type\":\"Organization\",\"@id\":\"https:\\\/\\\/stradainteriors.com\\\/#organization\",\"name\":\"Strada Interiors\",\"url\":\"https:\\\/\\\/stradainteriors.com\\\/\",\"logo\":{\"@type\":\"ImageObject\",\"inLanguage\":\"ca\",\"@id\":\"https:\\\/\\\/stradainteriors.com\\\/#\\\/schema\\\/logo\\\/image\\\/\",\"url\":\"https:\\\/\\\/stradainteriors.com\\\/wp-content\\\/uploads\\\/2021\\\/12\\\/logo_strada_marca_negatiu_negre.webp\",\"contentUrl\":\"https:\\\/\\\/stradainteriors.com\\\/wp-content\\\/uploads\\\/2021\\\/12\\\/logo_strada_marca_negatiu_negre.webp\",\"width\":507,\"height\":221,\"caption\":\"Strada Interiors\"},\"image\":{\"@id\":\"https:\\\/\\\/stradainteriors.com\\\/#\\\/schema\\\/logo\\\/image\\\/\"}}]}<\/script>\n<!-- \/ Yoast SEO plugin. -->","yoast_head_json":{"title":"Vivienda Clar\u00e1 - Strada Interiors","robots":{"index":"index","follow":"follow","max-snippet":"max-snippet:-1","max-image-preview":"max-image-preview:large","max-video-preview":"max-video-preview:-1"},"canonical":"https:\/\/stradainteriors.com\/ca\/portfolio\/vivienda-clara\/","og_locale":"ca_ES","og_type":"article","og_title":"Vivienda Clar\u00e1 - Strada Interiors","og_description":"Un pis per &#8220;arribar i no voler sortir&#8221; Projecte Strada Interiors &#8211; Laura Strada En aquesta encantadora vivenda, se&#8217;ns va encomanar la tasca d&#8217;estilitzar cada rac\u00f3. La premissa era clara:&hellip;","og_url":"https:\/\/stradainteriors.com\/ca\/portfolio\/vivienda-clara\/","og_site_name":"Strada Interiors","article_modified_time":"2025-07-02T14:46:13+00:00","og_image":[{"width":1200,"height":800,"url":"https:\/\/stradainteriors.com\/wp-content\/uploads\/2024\/01\/portada_viviendaclara.webp","type":"image\/webp"}],"twitter_card":"summary_large_image","twitter_misc":{"Temps estimat de lectura":"2 minuts"},"schema":{"@context":"https:\/\/schema.org","@graph":[{"@type":"WebPage","@id":"https:\/\/stradainteriors.com\/ca\/portfolio\/vivienda-clara\/","url":"https:\/\/stradainteriors.com\/ca\/portfolio\/vivienda-clara\/","name":"Vivienda Clar\u00e1 - Strada Interiors","isPartOf":{"@id":"https:\/\/stradainteriors.com\/#website"},"primaryImageOfPage":{"@id":"https:\/\/stradainteriors.com\/ca\/portfolio\/vivienda-clara\/#primaryimage"},"image":{"@id":"https:\/\/stradainteriors.com\/ca\/portfolio\/vivienda-clara\/#primaryimage"},"thumbnailUrl":"https:\/\/stradainteriors.com\/wp-content\/uploads\/2024\/01\/portada_viviendaclara.webp","datePublished":"2024-01-04T08:21:40+00:00","dateModified":"2025-07-02T14:46:13+00:00","breadcrumb":{"@id":"https:\/\/stradainteriors.com\/ca\/portfolio\/vivienda-clara\/#breadcrumb"},"inLanguage":"ca","potentialAction":[{"@type":"ReadAction","target":["https:\/\/stradainteriors.com\/ca\/portfolio\/vivienda-clara\/"]}]},{"@type":"ImageObject","inLanguage":"ca","@id":"https:\/\/stradainteriors.com\/ca\/portfolio\/vivienda-clara\/#primaryimage","url":"https:\/\/stradainteriors.com\/wp-content\/uploads\/2024\/01\/portada_viviendaclara.webp","contentUrl":"https:\/\/stradainteriors.com\/wp-content\/uploads\/2024\/01\/portada_viviendaclara.webp","width":1200,"height":800},{"@type":"BreadcrumbList","@id":"https:\/\/stradainteriors.com\/ca\/portfolio\/vivienda-clara\/#breadcrumb","itemListElement":[{"@type":"ListItem","position":1,"name":"Inicio","item":"https:\/\/stradainteriors.com\/ca\/"},{"@type":"ListItem","position":2,"name":"Portfolio","item":"https:\/\/stradainteriors.com\/portfolio\/"},{"@type":"ListItem","position":3,"name":"Vivienda Clar\u00e1"}]},{"@type":"WebSite","@id":"https:\/\/stradainteriors.com\/#website","url":"https:\/\/stradainteriors.com\/","name":"Strada Interiors","description":"Dise\u00f1o de Interiors","publisher":{"@id":"https:\/\/stradainteriors.com\/#organization"},"potentialAction":[{"@type":"SearchAction","target":{"@type":"EntryPoint","urlTemplate":"https:\/\/stradainteriors.com\/?s={search_term_string}"},"query-input":{"@type":"PropertyValueSpecification","valueRequired":true,"valueName":"search_term_string"}}],"inLanguage":"ca"},{"@type":"Organization","@id":"https:\/\/stradainteriors.com\/#organization","name":"Strada Interiors","url":"https:\/\/stradainteriors.com\/","logo":{"@type":"ImageObject","inLanguage":"ca","@id":"https:\/\/stradainteriors.com\/#\/schema\/logo\/image\/","url":"https:\/\/stradainteriors.com\/wp-content\/uploads\/2021\/12\/logo_strada_marca_negatiu_negre.webp","contentUrl":"https:\/\/stradainteriors.com\/wp-content\/uploads\/2021\/12\/logo_strada_marca_negatiu_negre.webp","width":507,"height":221,"caption":"Strada Interiors"},"image":{"@id":"https:\/\/stradainteriors.com\/#\/schema\/logo\/image\/"}}]}},"_links":{"self":[{"href":"https:\/\/stradainteriors.com\/ca\/wp-json\/wp\/v2\/cpt_portfolio\/27640","targetHints":{"allow":["GET"]}}],"collection":[{"href":"https:\/\/stradainteriors.com\/ca\/wp-json\/wp\/v2\/cpt_portfolio"}],"about":[{"href":"https:\/\/stradainteriors.com\/ca\/wp-json\/wp\/v2\/types\/cpt_portfolio"}],"author":[{"embeddable":true,"href":"https:\/\/stradainteriors.com\/ca\/wp-json\/wp\/v2\/users\/3"}],"replies":[{"embeddable":true,"href":"https:\/\/stradainteriors.com\/ca\/wp-json\/wp\/v2\/comments?post=27640"}],"wp:featuredmedia":[{"embeddable":true,"href":"https:\/\/stradainteriors.com\/ca\/wp-json\/wp\/v2\/media\/26637"}],"wp:attachment":[{"href":"https:\/\/stradainteriors.com\/ca\/wp-json\/wp\/v2\/media?parent=27640"}],"wp:term":[{"taxonomy":"cpt_portfolio_group","embeddable":true,"href":"https:\/\/stradainteriors.com\/ca\/wp-json\/wp\/v2\/cpt_portfolio_group?post=27640"}],"curies":[{"name":"wp","href":"https:\/\/api.w.org\/{rel}","templated":true}]}}