{"id":27630,"date":"2024-01-17T04:11:46","date_gmt":"2024-01-17T04:11:46","guid":{"rendered":"https:\/\/stradainteriors.com\/portfolio\/strada-interiors-studio\/"},"modified":"2025-07-02T14:41:57","modified_gmt":"2025-07-02T14:41:57","slug":"strada-interiors-studio","status":"publish","type":"cpt_portfolio","link":"https:\/\/stradainteriors.com\/ca\/portfolio\/strada-interiors-studio\/","title":{"rendered":"Strada Interiors Studio"},"content":{"rendered":"\n<div class=\"wp-block-columns is-layout-flex wp-container-core-columns-is-layout-9d6595d7 wp-block-columns-is-layout-flex\">\n<div class=\"wp-block-column is-layout-flow wp-block-column-is-layout-flow\">\n<h3 class=\"wp-block-heading\">Fusionant Funcionalitat i Versatilitat<\/h3>\n\n\n\n<h6 class=\"wp-block-heading\"><strong>Projecte<\/strong> <\/h6>\n\n\n\n<p>Strada Interiors &#8211; Laura Strada<\/p>\n<\/div>\n\n\n\n<div class=\"wp-block-column is-layout-flow wp-block-column-is-layout-flow\">\n<div style=\"height:20px\" aria-hidden=\"true\" class=\"wp-block-spacer\"><\/div>\n\n\n\n<p>Strada Interiors Studio: Fusionant Funcionalitat i Versatilitat<\/p>\n\n\n\n<p>Imaginem un espai de 33 m2 amb una impressionant al\u00e7ada de 4,5 m i ens proposem crear m\u00e9s que un simple estudi. Mentre disseny\u00e0vem cada rac\u00f3, ens va sorgir la idea de convertir aquest espai en quelcom vers\u00e0til, contemplat la possibilitat que, en el futur, pogu\u00e9s funcionar no nom\u00e9s com a estudi, sin\u00f3 tamb\u00e9 com a llar. Aquesta dualitat entre habitatge i estudi es reflecteix en cada rac\u00f3 de l&#8217;espai.<\/p>\n\n\n\n<p>Vam crear un altell per aprofitar l&#8217;al\u00e7ada, on sota allotgem un bany i part de la cuina, que pot ocultar-se h\u00e0bilment darrere de portes escamotejables. L&#8217;altell superior serveix com a espai d&#8217;emmagatzematge i oficina, per\u00f2 si algun dia es converteix en habitatge, es transforma en la zona de descans.<\/p>\n\n\n\n<p>Una paret completa es converteix en una biblioteca de terra a sostre, on projectem un enginy\u00f3s moble d&#8217;emmagatzematge que, en pujar, es transforma en esglaons voladissos.<\/p>\n\n\n\n<div style=\"height:20px\" aria-hidden=\"true\" class=\"wp-block-spacer\"><\/div>\n<\/div>\n\n\n\n<div class=\"wp-block-column is-layout-flow wp-block-column-is-layout-flow\">\n<div style=\"height:20px\" aria-hidden=\"true\" class=\"wp-block-spacer\"><\/div>\n\n\n\n<p>Un mural de Glamora adorna una altra paret, projectant imatges que captiven l&#8217;ess\u00e8ncia de la natura, creant profunditat i connectant amb l&#8217;exterior. El jard\u00ed exterior serveix com a font d&#8217;inspiraci\u00f3 i relaxaci\u00f3, un espai dissenyat especialment per atendre clients, especialment en els c\u00e0lids mesos d&#8217;estiu.<\/p>\n\n\n\n<p>Tot el mobiliari, fins i tot les taules, ha estat dissenyat a mida, formant part integral de la reforma. Les cadires Nuez de Patricia Urquiola per a la firma Andreu World afegeixen un toc d&#8217;eleg\u00e0ncia.<\/p>\n\n\n\n<p>El sostre, un doble sostre amb fosejat, allotja una il\u00b7luminaci\u00f3 estrat\u00e8gica que real\u00e7a cada detall de l&#8217;espai. A Strada Interiors, no nom\u00e9s creem espais; dissenyem experi\u00e8ncies que s&#8217;adapten a les teves necessitats i es transformen amb tu. Benvingut al nostre univers!<\/p>\n\n\n\n<div style=\"height:20px\" aria-hidden=\"true\" class=\"wp-block-spacer\"><\/div>\n<\/div>\n<\/div>\n\n\n\n<div class=\"wp-block-columns is-layout-flex wp-container-core-columns-is-layout-9d6595d7 wp-block-columns-is-layout-flex\">\n<div class=\"wp-block-column is-layout-flow wp-block-column-is-layout-flow\"><\/div>\n\n\n\n<div class=\"wp-block-column is-layout-flow wp-block-column-is-layout-flow\"><\/div>\n<\/div>\n\n\n\n<div class=\"wp-block-columns is-layout-flex wp-container-core-columns-is-layout-9d6595d7 wp-block-columns-is-layout-flex\"><\/div>\n","protected":false},"excerpt":{"rendered":"<p>Fusionant Funcionalitat i Versatilitat Projecte Strada Interiors &#8211; Laura Strada Strada Interiors Studio: Fusionant Funcionalitat i Versatilitat Imaginem un espai de 33 m2 amb una impressionant al\u00e7ada de 4,5 m&hellip;<\/p>\n","protected":false},"author":3,"featured_media":26189,"comment_status":"closed","ping_status":"closed","template":"","cpt_portfolio_group":[242],"class_list":["post-27630","cpt_portfolio","type-cpt_portfolio","status-publish","has-post-thumbnail","hentry","cpt_portfolio_group-interiorismo-comercial-ca"],"yoast_head":"<!-- This site is optimized with the Yoast SEO plugin v27.5 - https:\/\/yoast.com\/product\/yoast-seo-wordpress\/ -->\n<title>Disseny d&#039;interiors moderns i vers\u00e0tils | Strada Interiors Studio<\/title>\n<meta name=\"description\" content=\"Descobreix el disseny d&#039;interiors moderns de Strada Interiors Studio, un espai multifuncional que combina eleg\u00e0ncia i funcionalitat.\" \/>\n<meta name=\"robots\" content=\"index, follow, max-snippet:-1, max-image-preview:large, max-video-preview:-1\" \/>\n<link rel=\"canonical\" href=\"https:\/\/stradainteriors.com\/ca\/portfolio\/strada-interiors-studio\/\" \/>\n<meta property=\"og:locale\" content=\"ca_ES\" \/>\n<meta property=\"og:type\" content=\"article\" \/>\n<meta property=\"og:title\" content=\"Disseny d&#039;interiors moderns i vers\u00e0tils | Strada Interiors Studio\" \/>\n<meta property=\"og:description\" content=\"Descobreix el disseny d&#039;interiors moderns de Strada Interiors Studio, un espai multifuncional que combina eleg\u00e0ncia i funcionalitat.\" \/>\n<meta property=\"og:url\" content=\"https:\/\/stradainteriors.com\/ca\/portfolio\/strada-interiors-studio\/\" \/>\n<meta property=\"og:site_name\" content=\"Strada Interiors\" \/>\n<meta property=\"article:modified_time\" content=\"2025-07-02T14:41:57+00:00\" \/>\n<meta property=\"og:image\" content=\"https:\/\/stradainteriors.com\/wp-content\/uploads\/2024\/01\/stradainteriorsestudi_stradainteriors_16-scaled.webp\" \/>\n\t<meta property=\"og:image:width\" content=\"2560\" \/>\n\t<meta property=\"og:image:height\" content=\"1707\" \/>\n\t<meta property=\"og:image:type\" content=\"image\/webp\" \/>\n<meta name=\"twitter:card\" content=\"summary_large_image\" \/>\n<meta name=\"twitter:label1\" content=\"Temps estimat de lectura\" \/>\n\t<meta name=\"twitter:data1\" content=\"2 minuts\" \/>\n<script type=\"application\/ld+json\" class=\"yoast-schema-graph\">{\"@context\":\"https:\\\/\\\/schema.org\",\"@graph\":[{\"@type\":\"WebPage\",\"@id\":\"https:\\\/\\\/stradainteriors.com\\\/ca\\\/portfolio\\\/strada-interiors-studio\\\/\",\"url\":\"https:\\\/\\\/stradainteriors.com\\\/ca\\\/portfolio\\\/strada-interiors-studio\\\/\",\"name\":\"Disseny d'interiors moderns i vers\u00e0tils | Strada Interiors Studio\",\"isPartOf\":{\"@id\":\"https:\\\/\\\/stradainteriors.com\\\/#website\"},\"primaryImageOfPage\":{\"@id\":\"https:\\\/\\\/stradainteriors.com\\\/ca\\\/portfolio\\\/strada-interiors-studio\\\/#primaryimage\"},\"image\":{\"@id\":\"https:\\\/\\\/stradainteriors.com\\\/ca\\\/portfolio\\\/strada-interiors-studio\\\/#primaryimage\"},\"thumbnailUrl\":\"https:\\\/\\\/stradainteriors.com\\\/wp-content\\\/uploads\\\/2024\\\/01\\\/stradainteriorsestudi_stradainteriors_16-scaled.webp\",\"datePublished\":\"2024-01-17T04:11:46+00:00\",\"dateModified\":\"2025-07-02T14:41:57+00:00\",\"description\":\"Descobreix el disseny d'interiors moderns de Strada Interiors Studio, un espai multifuncional que combina eleg\u00e0ncia i funcionalitat.\",\"breadcrumb\":{\"@id\":\"https:\\\/\\\/stradainteriors.com\\\/ca\\\/portfolio\\\/strada-interiors-studio\\\/#breadcrumb\"},\"inLanguage\":\"ca\",\"potentialAction\":[{\"@type\":\"ReadAction\",\"target\":[\"https:\\\/\\\/stradainteriors.com\\\/ca\\\/portfolio\\\/strada-interiors-studio\\\/\"]}]},{\"@type\":\"ImageObject\",\"inLanguage\":\"ca\",\"@id\":\"https:\\\/\\\/stradainteriors.com\\\/ca\\\/portfolio\\\/strada-interiors-studio\\\/#primaryimage\",\"url\":\"https:\\\/\\\/stradainteriors.com\\\/wp-content\\\/uploads\\\/2024\\\/01\\\/stradainteriorsestudi_stradainteriors_16-scaled.webp\",\"contentUrl\":\"https:\\\/\\\/stradainteriors.com\\\/wp-content\\\/uploads\\\/2024\\\/01\\\/stradainteriorsestudi_stradainteriors_16-scaled.webp\",\"width\":2560,\"height\":1707},{\"@type\":\"BreadcrumbList\",\"@id\":\"https:\\\/\\\/stradainteriors.com\\\/ca\\\/portfolio\\\/strada-interiors-studio\\\/#breadcrumb\",\"itemListElement\":[{\"@type\":\"ListItem\",\"position\":1,\"name\":\"Inicio\",\"item\":\"https:\\\/\\\/stradainteriors.com\\\/ca\\\/\"},{\"@type\":\"ListItem\",\"position\":2,\"name\":\"Portfolio\",\"item\":\"https:\\\/\\\/stradainteriors.com\\\/portfolio\\\/\"},{\"@type\":\"ListItem\",\"position\":3,\"name\":\"Strada Interiors Studio\"}]},{\"@type\":\"WebSite\",\"@id\":\"https:\\\/\\\/stradainteriors.com\\\/#website\",\"url\":\"https:\\\/\\\/stradainteriors.com\\\/\",\"name\":\"Strada Interiors\",\"description\":\"Dise\u00f1o de Interiors\",\"publisher\":{\"@id\":\"https:\\\/\\\/stradainteriors.com\\\/#organization\"},\"potentialAction\":[{\"@type\":\"SearchAction\",\"target\":{\"@type\":\"EntryPoint\",\"urlTemplate\":\"https:\\\/\\\/stradainteriors.com\\\/?s={search_term_string}\"},\"query-input\":{\"@type\":\"PropertyValueSpecification\",\"valueRequired\":true,\"valueName\":\"search_term_string\"}}],\"inLanguage\":\"ca\"},{\"@type\":\"Organization\",\"@id\":\"https:\\\/\\\/stradainteriors.com\\\/#organization\",\"name\":\"Strada Interiors\",\"url\":\"https:\\\/\\\/stradainteriors.com\\\/\",\"logo\":{\"@type\":\"ImageObject\",\"inLanguage\":\"ca\",\"@id\":\"https:\\\/\\\/stradainteriors.com\\\/#\\\/schema\\\/logo\\\/image\\\/\",\"url\":\"https:\\\/\\\/stradainteriors.com\\\/wp-content\\\/uploads\\\/2021\\\/12\\\/logo_strada_marca_negatiu_negre.webp\",\"contentUrl\":\"https:\\\/\\\/stradainteriors.com\\\/wp-content\\\/uploads\\\/2021\\\/12\\\/logo_strada_marca_negatiu_negre.webp\",\"width\":507,\"height\":221,\"caption\":\"Strada Interiors\"},\"image\":{\"@id\":\"https:\\\/\\\/stradainteriors.com\\\/#\\\/schema\\\/logo\\\/image\\\/\"}}]}<\/script>\n<!-- \/ Yoast SEO plugin. -->","yoast_head_json":{"title":"Disseny d'interiors moderns i vers\u00e0tils | Strada Interiors Studio","description":"Descobreix el disseny d'interiors moderns de Strada Interiors Studio, un espai multifuncional que combina eleg\u00e0ncia i funcionalitat.","robots":{"index":"index","follow":"follow","max-snippet":"max-snippet:-1","max-image-preview":"max-image-preview:large","max-video-preview":"max-video-preview:-1"},"canonical":"https:\/\/stradainteriors.com\/ca\/portfolio\/strada-interiors-studio\/","og_locale":"ca_ES","og_type":"article","og_title":"Disseny d'interiors moderns i vers\u00e0tils | Strada Interiors Studio","og_description":"Descobreix el disseny d'interiors moderns de Strada Interiors Studio, un espai multifuncional que combina eleg\u00e0ncia i funcionalitat.","og_url":"https:\/\/stradainteriors.com\/ca\/portfolio\/strada-interiors-studio\/","og_site_name":"Strada Interiors","article_modified_time":"2025-07-02T14:41:57+00:00","og_image":[{"width":2560,"height":1707,"url":"https:\/\/stradainteriors.com\/wp-content\/uploads\/2024\/01\/stradainteriorsestudi_stradainteriors_16-scaled.webp","type":"image\/webp"}],"twitter_card":"summary_large_image","twitter_misc":{"Temps estimat de lectura":"2 minuts"},"schema":{"@context":"https:\/\/schema.org","@graph":[{"@type":"WebPage","@id":"https:\/\/stradainteriors.com\/ca\/portfolio\/strada-interiors-studio\/","url":"https:\/\/stradainteriors.com\/ca\/portfolio\/strada-interiors-studio\/","name":"Disseny d'interiors moderns i vers\u00e0tils | Strada Interiors Studio","isPartOf":{"@id":"https:\/\/stradainteriors.com\/#website"},"primaryImageOfPage":{"@id":"https:\/\/stradainteriors.com\/ca\/portfolio\/strada-interiors-studio\/#primaryimage"},"image":{"@id":"https:\/\/stradainteriors.com\/ca\/portfolio\/strada-interiors-studio\/#primaryimage"},"thumbnailUrl":"https:\/\/stradainteriors.com\/wp-content\/uploads\/2024\/01\/stradainteriorsestudi_stradainteriors_16-scaled.webp","datePublished":"2024-01-17T04:11:46+00:00","dateModified":"2025-07-02T14:41:57+00:00","description":"Descobreix el disseny d'interiors moderns de Strada Interiors Studio, un espai multifuncional que combina eleg\u00e0ncia i funcionalitat.","breadcrumb":{"@id":"https:\/\/stradainteriors.com\/ca\/portfolio\/strada-interiors-studio\/#breadcrumb"},"inLanguage":"ca","potentialAction":[{"@type":"ReadAction","target":["https:\/\/stradainteriors.com\/ca\/portfolio\/strada-interiors-studio\/"]}]},{"@type":"ImageObject","inLanguage":"ca","@id":"https:\/\/stradainteriors.com\/ca\/portfolio\/strada-interiors-studio\/#primaryimage","url":"https:\/\/stradainteriors.com\/wp-content\/uploads\/2024\/01\/stradainteriorsestudi_stradainteriors_16-scaled.webp","contentUrl":"https:\/\/stradainteriors.com\/wp-content\/uploads\/2024\/01\/stradainteriorsestudi_stradainteriors_16-scaled.webp","width":2560,"height":1707},{"@type":"BreadcrumbList","@id":"https:\/\/stradainteriors.com\/ca\/portfolio\/strada-interiors-studio\/#breadcrumb","itemListElement":[{"@type":"ListItem","position":1,"name":"Inicio","item":"https:\/\/stradainteriors.com\/ca\/"},{"@type":"ListItem","position":2,"name":"Portfolio","item":"https:\/\/stradainteriors.com\/portfolio\/"},{"@type":"ListItem","position":3,"name":"Strada Interiors Studio"}]},{"@type":"WebSite","@id":"https:\/\/stradainteriors.com\/#website","url":"https:\/\/stradainteriors.com\/","name":"Strada Interiors","description":"Dise\u00f1o de Interiors","publisher":{"@id":"https:\/\/stradainteriors.com\/#organization"},"potentialAction":[{"@type":"SearchAction","target":{"@type":"EntryPoint","urlTemplate":"https:\/\/stradainteriors.com\/?s={search_term_string}"},"query-input":{"@type":"PropertyValueSpecification","valueRequired":true,"valueName":"search_term_string"}}],"inLanguage":"ca"},{"@type":"Organization","@id":"https:\/\/stradainteriors.com\/#organization","name":"Strada Interiors","url":"https:\/\/stradainteriors.com\/","logo":{"@type":"ImageObject","inLanguage":"ca","@id":"https:\/\/stradainteriors.com\/#\/schema\/logo\/image\/","url":"https:\/\/stradainteriors.com\/wp-content\/uploads\/2021\/12\/logo_strada_marca_negatiu_negre.webp","contentUrl":"https:\/\/stradainteriors.com\/wp-content\/uploads\/2021\/12\/logo_strada_marca_negatiu_negre.webp","width":507,"height":221,"caption":"Strada Interiors"},"image":{"@id":"https:\/\/stradainteriors.com\/#\/schema\/logo\/image\/"}}]}},"_links":{"self":[{"href":"https:\/\/stradainteriors.com\/ca\/wp-json\/wp\/v2\/cpt_portfolio\/27630","targetHints":{"allow":["GET"]}}],"collection":[{"href":"https:\/\/stradainteriors.com\/ca\/wp-json\/wp\/v2\/cpt_portfolio"}],"about":[{"href":"https:\/\/stradainteriors.com\/ca\/wp-json\/wp\/v2\/types\/cpt_portfolio"}],"author":[{"embeddable":true,"href":"https:\/\/stradainteriors.com\/ca\/wp-json\/wp\/v2\/users\/3"}],"replies":[{"embeddable":true,"href":"https:\/\/stradainteriors.com\/ca\/wp-json\/wp\/v2\/comments?post=27630"}],"wp:featuredmedia":[{"embeddable":true,"href":"https:\/\/stradainteriors.com\/ca\/wp-json\/wp\/v2\/media\/26189"}],"wp:attachment":[{"href":"https:\/\/stradainteriors.com\/ca\/wp-json\/wp\/v2\/media?parent=27630"}],"wp:term":[{"taxonomy":"cpt_portfolio_group","embeddable":true,"href":"https:\/\/stradainteriors.com\/ca\/wp-json\/wp\/v2\/cpt_portfolio_group?post=27630"}],"curies":[{"name":"wp","href":"https:\/\/api.w.org\/{rel}","templated":true}]}}