{"id":27618,"date":"2024-01-24T15:18:09","date_gmt":"2024-01-24T15:18:09","guid":{"rendered":"https:\/\/stradainteriors.com\/portfolio\/sala-forum-de-ematsa\/"},"modified":"2025-07-02T14:17:48","modified_gmt":"2025-07-02T14:17:48","slug":"sala-forum-de-ematsa","status":"publish","type":"cpt_portfolio","link":"https:\/\/stradainteriors.com\/ca\/portfolio\/sala-forum-de-ematsa\/","title":{"rendered":"Sala F\u00f2rum de Ematsa"},"content":{"rendered":"\n<div class=\"wp-block-columns is-layout-flex wp-container-core-columns-is-layout-9d6595d7 wp-block-columns-is-layout-flex\">\n<div class=\"wp-block-column is-layout-flow wp-block-column-is-layout-flow\">\n<h3 class=\"wp-block-heading\">Un Espai Vers\u00e0til per a la Comunitat i la Innovaci\u00f3<\/h3>\n\n\n\n<h6 class=\"wp-block-heading\"><strong>Projecte<\/strong> <\/h6>\n\n\n\n<p>Strada Interiors &#8211; Laura Strada <\/p>\n<\/div>\n\n\n\n<div class=\"wp-block-column is-layout-flow wp-block-column-is-layout-flow\">\n<div style=\"height:20px\" aria-hidden=\"true\" class=\"wp-block-spacer\"><\/div>\n\n\n\n<p>La Sala F\u00f2rum de Ematsa es concibeix com un espai polivalent amb capacitat per a fins a 30 persones, destinat a apropar a la ciutadania aspectes rellevants de l&#8217;activitat d&#8217;Ematsa. Aquest espai no nom\u00e9s acull confer\u00e8ncies i reunions, sin\u00f3 que inclou una \u00e0rea especialment dissenyada per a la gesti\u00f3 d&#8217;incid\u00e8ncies i situacions d&#8217;emerg\u00e8ncia. Aqu\u00ed, s&#8217;accedeix en temps real a tota la informaci\u00f3 gestionada des del centre de control. La remodelaci\u00f3 ha dotat d&#8217;una \u00e0rea de divulgaci\u00f3 sobre la hist\u00f2ria de l&#8217;abastiment d&#8217;aigua a la ciutat, l&#8217;activitat d&#8217;Ematsa i els principals projectes d&#8217;innovaci\u00f3 en cada per\u00edode.<\/p>\n\n\n\n<p>En conson\u00e0ncia amb l&#8217;arquitectura org\u00e0nica de l&#8217;edifici, la nostra proposta creativa per a la &#8220;Sala Forum&#8221; busca adaptar-se a la diversitat de funcions que pugui requerir, com ara confer\u00e8ncies per a grups grans o redu\u00efts, reunions, espais de treball i consultes, entre d&#8217;altres.<\/p>\n\n\n\n<div style=\"height:20px\" aria-hidden=\"true\" class=\"wp-block-spacer\"><\/div>\n<\/div>\n\n\n\n<div class=\"wp-block-column is-layout-flow wp-block-column-is-layout-flow\">\n<div style=\"height:20px\" aria-hidden=\"true\" class=\"wp-block-spacer\"><\/div>\n\n\n\n<p>El disseny interior s&#8217;ha inspirat en quatre conceptes fonamentals: Open Space, Biofilia, Tecnologia i la Comunicaci\u00f3 de la Identitat. Hem tingut en compte el car\u00e0cter del propi disseny de l&#8217;edifici d&#8217;Ematsa, on els pilars inclinats a la planta baixa, prop de la Sala F\u00f2rum, simbolitzen joncs a l&#8217;aigua.<\/p>\n\n\n\n<p>Partint de l&#8217;aigua com a protagonista, hem narrat una hist\u00f2ria que abasta els seus diferents estats: s\u00f2lid, l\u00edquid i gas\u00f3s, representats a l&#8217;espai a trav\u00e9s del mobiliari i la decoraci\u00f3. Aquest enfocament no nom\u00e9s reflexa la funcionalitat de l&#8217;espai, sin\u00f3 que tamb\u00e9 rendeix homenatge a l&#8217;ess\u00e8ncia vital que representa l&#8217;aigua a la nostra comunitat. A la Sala F\u00f2rum de Ematsa, la harmonia entre funci\u00f3, forma i hist\u00f2ria es barregen per crear un espai \u00fanic que serveix tant a la comunitat com a la innovaci\u00f3.<\/p>\n\n\n\n<div style=\"height:20px\" aria-hidden=\"true\" class=\"wp-block-spacer\"><\/div>\n<\/div>\n<\/div>\n\n\n\n<div class=\"wp-block-columns is-layout-flex wp-container-core-columns-is-layout-9d6595d7 wp-block-columns-is-layout-flex\">\n<div class=\"wp-block-column is-layout-flow wp-block-column-is-layout-flow\"><\/div>\n\n\n\n<div class=\"wp-block-column is-layout-flow wp-block-column-is-layout-flow\"><\/div>\n<\/div>\n\n\n\n<div class=\"wp-block-columns is-layout-flex wp-container-core-columns-is-layout-9d6595d7 wp-block-columns-is-layout-flex\"><\/div>\n","protected":false},"excerpt":{"rendered":"<p>Un Espai Vers\u00e0til per a la Comunitat i la Innovaci\u00f3 Projecte Strada Interiors &#8211; Laura Strada La Sala F\u00f2rum de Ematsa es concibeix com un espai polivalent amb capacitat per&hellip;<\/p>\n","protected":false},"author":3,"featured_media":26033,"comment_status":"closed","ping_status":"closed","template":"","cpt_portfolio_group":[242],"class_list":["post-27618","cpt_portfolio","type-cpt_portfolio","status-publish","has-post-thumbnail","hentry","cpt_portfolio_group-interiorismo-comercial-ca"],"yoast_head":"<!-- This site is optimized with the Yoast SEO plugin v27.5 - https:\/\/yoast.com\/product\/yoast-seo-wordpress\/ -->\n<title>Disseny D&#039;espai Sala F\u00f2rum de Ematsa - Strada Interiors<\/title>\n<meta name=\"description\" content=\"Disseny d&#039;espai sala F\u00f2rum d&#039;Ematsa, un espai polivalent per a reunions, emerg\u00e8ncies i divulgaci\u00f3, dissenyat per Strada Interiors.\" \/>\n<meta name=\"robots\" content=\"index, follow, max-snippet:-1, max-image-preview:large, max-video-preview:-1\" \/>\n<link rel=\"canonical\" href=\"https:\/\/stradainteriors.com\/ca\/portfolio\/sala-forum-de-ematsa\/\" \/>\n<meta property=\"og:locale\" content=\"ca_ES\" \/>\n<meta property=\"og:type\" content=\"article\" \/>\n<meta property=\"og:title\" content=\"Disseny D&#039;espai Sala F\u00f2rum de Ematsa - Strada Interiors\" \/>\n<meta property=\"og:description\" content=\"Disseny d&#039;espai sala F\u00f2rum d&#039;Ematsa, un espai polivalent per a reunions, emerg\u00e8ncies i divulgaci\u00f3, dissenyat per Strada Interiors.\" \/>\n<meta property=\"og:url\" content=\"https:\/\/stradainteriors.com\/ca\/portfolio\/sala-forum-de-ematsa\/\" \/>\n<meta property=\"og:site_name\" content=\"Strada Interiors\" \/>\n<meta property=\"article:modified_time\" content=\"2025-07-02T14:17:48+00:00\" \/>\n<meta property=\"og:image\" content=\"https:\/\/stradainteriors.com\/wp-content\/uploads\/2024\/01\/ematsasalaforum_stradainteriors_05-scaled.webp\" \/>\n\t<meta property=\"og:image:width\" content=\"2560\" \/>\n\t<meta property=\"og:image:height\" content=\"1707\" \/>\n\t<meta property=\"og:image:type\" content=\"image\/webp\" \/>\n<meta name=\"twitter:card\" content=\"summary_large_image\" \/>\n<meta name=\"twitter:label1\" content=\"Temps estimat de lectura\" \/>\n\t<meta name=\"twitter:data1\" content=\"2 minuts\" \/>\n<script type=\"application\/ld+json\" class=\"yoast-schema-graph\">{\"@context\":\"https:\\\/\\\/schema.org\",\"@graph\":[{\"@type\":\"WebPage\",\"@id\":\"https:\\\/\\\/stradainteriors.com\\\/ca\\\/portfolio\\\/sala-forum-de-ematsa\\\/\",\"url\":\"https:\\\/\\\/stradainteriors.com\\\/ca\\\/portfolio\\\/sala-forum-de-ematsa\\\/\",\"name\":\"Disseny D'espai Sala F\u00f2rum de Ematsa - Strada Interiors\",\"isPartOf\":{\"@id\":\"https:\\\/\\\/stradainteriors.com\\\/#website\"},\"primaryImageOfPage\":{\"@id\":\"https:\\\/\\\/stradainteriors.com\\\/ca\\\/portfolio\\\/sala-forum-de-ematsa\\\/#primaryimage\"},\"image\":{\"@id\":\"https:\\\/\\\/stradainteriors.com\\\/ca\\\/portfolio\\\/sala-forum-de-ematsa\\\/#primaryimage\"},\"thumbnailUrl\":\"https:\\\/\\\/stradainteriors.com\\\/wp-content\\\/uploads\\\/2024\\\/01\\\/ematsasalaforum_stradainteriors_05-scaled.webp\",\"datePublished\":\"2024-01-24T15:18:09+00:00\",\"dateModified\":\"2025-07-02T14:17:48+00:00\",\"description\":\"Disseny d'espai sala F\u00f2rum d'Ematsa, un espai polivalent per a reunions, emerg\u00e8ncies i divulgaci\u00f3, dissenyat per Strada Interiors.\",\"breadcrumb\":{\"@id\":\"https:\\\/\\\/stradainteriors.com\\\/ca\\\/portfolio\\\/sala-forum-de-ematsa\\\/#breadcrumb\"},\"inLanguage\":\"ca\",\"potentialAction\":[{\"@type\":\"ReadAction\",\"target\":[\"https:\\\/\\\/stradainteriors.com\\\/ca\\\/portfolio\\\/sala-forum-de-ematsa\\\/\"]}]},{\"@type\":\"ImageObject\",\"inLanguage\":\"ca\",\"@id\":\"https:\\\/\\\/stradainteriors.com\\\/ca\\\/portfolio\\\/sala-forum-de-ematsa\\\/#primaryimage\",\"url\":\"https:\\\/\\\/stradainteriors.com\\\/wp-content\\\/uploads\\\/2024\\\/01\\\/ematsasalaforum_stradainteriors_05-scaled.webp\",\"contentUrl\":\"https:\\\/\\\/stradainteriors.com\\\/wp-content\\\/uploads\\\/2024\\\/01\\\/ematsasalaforum_stradainteriors_05-scaled.webp\",\"width\":2560,\"height\":1707,\"caption\":\"disseny d'espai\"},{\"@type\":\"BreadcrumbList\",\"@id\":\"https:\\\/\\\/stradainteriors.com\\\/ca\\\/portfolio\\\/sala-forum-de-ematsa\\\/#breadcrumb\",\"itemListElement\":[{\"@type\":\"ListItem\",\"position\":1,\"name\":\"Inicio\",\"item\":\"https:\\\/\\\/stradainteriors.com\\\/ca\\\/\"},{\"@type\":\"ListItem\",\"position\":2,\"name\":\"Portfolio\",\"item\":\"https:\\\/\\\/stradainteriors.com\\\/portfolio\\\/\"},{\"@type\":\"ListItem\",\"position\":3,\"name\":\"Sala F\u00f2rum de Ematsa\"}]},{\"@type\":\"WebSite\",\"@id\":\"https:\\\/\\\/stradainteriors.com\\\/#website\",\"url\":\"https:\\\/\\\/stradainteriors.com\\\/\",\"name\":\"Strada Interiors\",\"description\":\"Dise\u00f1o de Interiors\",\"publisher\":{\"@id\":\"https:\\\/\\\/stradainteriors.com\\\/#organization\"},\"potentialAction\":[{\"@type\":\"SearchAction\",\"target\":{\"@type\":\"EntryPoint\",\"urlTemplate\":\"https:\\\/\\\/stradainteriors.com\\\/?s={search_term_string}\"},\"query-input\":{\"@type\":\"PropertyValueSpecification\",\"valueRequired\":true,\"valueName\":\"search_term_string\"}}],\"inLanguage\":\"ca\"},{\"@type\":\"Organization\",\"@id\":\"https:\\\/\\\/stradainteriors.com\\\/#organization\",\"name\":\"Strada Interiors\",\"url\":\"https:\\\/\\\/stradainteriors.com\\\/\",\"logo\":{\"@type\":\"ImageObject\",\"inLanguage\":\"ca\",\"@id\":\"https:\\\/\\\/stradainteriors.com\\\/#\\\/schema\\\/logo\\\/image\\\/\",\"url\":\"https:\\\/\\\/stradainteriors.com\\\/wp-content\\\/uploads\\\/2021\\\/12\\\/logo_strada_marca_negatiu_negre.webp\",\"contentUrl\":\"https:\\\/\\\/stradainteriors.com\\\/wp-content\\\/uploads\\\/2021\\\/12\\\/logo_strada_marca_negatiu_negre.webp\",\"width\":507,\"height\":221,\"caption\":\"Strada Interiors\"},\"image\":{\"@id\":\"https:\\\/\\\/stradainteriors.com\\\/#\\\/schema\\\/logo\\\/image\\\/\"}}]}<\/script>\n<!-- \/ Yoast SEO plugin. -->","yoast_head_json":{"title":"Disseny D'espai Sala F\u00f2rum de Ematsa - Strada Interiors","description":"Disseny d'espai sala F\u00f2rum d'Ematsa, un espai polivalent per a reunions, emerg\u00e8ncies i divulgaci\u00f3, dissenyat per Strada Interiors.","robots":{"index":"index","follow":"follow","max-snippet":"max-snippet:-1","max-image-preview":"max-image-preview:large","max-video-preview":"max-video-preview:-1"},"canonical":"https:\/\/stradainteriors.com\/ca\/portfolio\/sala-forum-de-ematsa\/","og_locale":"ca_ES","og_type":"article","og_title":"Disseny D'espai Sala F\u00f2rum de Ematsa - Strada Interiors","og_description":"Disseny d'espai sala F\u00f2rum d'Ematsa, un espai polivalent per a reunions, emerg\u00e8ncies i divulgaci\u00f3, dissenyat per Strada Interiors.","og_url":"https:\/\/stradainteriors.com\/ca\/portfolio\/sala-forum-de-ematsa\/","og_site_name":"Strada Interiors","article_modified_time":"2025-07-02T14:17:48+00:00","og_image":[{"width":2560,"height":1707,"url":"https:\/\/stradainteriors.com\/wp-content\/uploads\/2024\/01\/ematsasalaforum_stradainteriors_05-scaled.webp","type":"image\/webp"}],"twitter_card":"summary_large_image","twitter_misc":{"Temps estimat de lectura":"2 minuts"},"schema":{"@context":"https:\/\/schema.org","@graph":[{"@type":"WebPage","@id":"https:\/\/stradainteriors.com\/ca\/portfolio\/sala-forum-de-ematsa\/","url":"https:\/\/stradainteriors.com\/ca\/portfolio\/sala-forum-de-ematsa\/","name":"Disseny D'espai Sala F\u00f2rum de Ematsa - Strada Interiors","isPartOf":{"@id":"https:\/\/stradainteriors.com\/#website"},"primaryImageOfPage":{"@id":"https:\/\/stradainteriors.com\/ca\/portfolio\/sala-forum-de-ematsa\/#primaryimage"},"image":{"@id":"https:\/\/stradainteriors.com\/ca\/portfolio\/sala-forum-de-ematsa\/#primaryimage"},"thumbnailUrl":"https:\/\/stradainteriors.com\/wp-content\/uploads\/2024\/01\/ematsasalaforum_stradainteriors_05-scaled.webp","datePublished":"2024-01-24T15:18:09+00:00","dateModified":"2025-07-02T14:17:48+00:00","description":"Disseny d'espai sala F\u00f2rum d'Ematsa, un espai polivalent per a reunions, emerg\u00e8ncies i divulgaci\u00f3, dissenyat per Strada Interiors.","breadcrumb":{"@id":"https:\/\/stradainteriors.com\/ca\/portfolio\/sala-forum-de-ematsa\/#breadcrumb"},"inLanguage":"ca","potentialAction":[{"@type":"ReadAction","target":["https:\/\/stradainteriors.com\/ca\/portfolio\/sala-forum-de-ematsa\/"]}]},{"@type":"ImageObject","inLanguage":"ca","@id":"https:\/\/stradainteriors.com\/ca\/portfolio\/sala-forum-de-ematsa\/#primaryimage","url":"https:\/\/stradainteriors.com\/wp-content\/uploads\/2024\/01\/ematsasalaforum_stradainteriors_05-scaled.webp","contentUrl":"https:\/\/stradainteriors.com\/wp-content\/uploads\/2024\/01\/ematsasalaforum_stradainteriors_05-scaled.webp","width":2560,"height":1707,"caption":"disseny d'espai"},{"@type":"BreadcrumbList","@id":"https:\/\/stradainteriors.com\/ca\/portfolio\/sala-forum-de-ematsa\/#breadcrumb","itemListElement":[{"@type":"ListItem","position":1,"name":"Inicio","item":"https:\/\/stradainteriors.com\/ca\/"},{"@type":"ListItem","position":2,"name":"Portfolio","item":"https:\/\/stradainteriors.com\/portfolio\/"},{"@type":"ListItem","position":3,"name":"Sala F\u00f2rum de Ematsa"}]},{"@type":"WebSite","@id":"https:\/\/stradainteriors.com\/#website","url":"https:\/\/stradainteriors.com\/","name":"Strada Interiors","description":"Dise\u00f1o de Interiors","publisher":{"@id":"https:\/\/stradainteriors.com\/#organization"},"potentialAction":[{"@type":"SearchAction","target":{"@type":"EntryPoint","urlTemplate":"https:\/\/stradainteriors.com\/?s={search_term_string}"},"query-input":{"@type":"PropertyValueSpecification","valueRequired":true,"valueName":"search_term_string"}}],"inLanguage":"ca"},{"@type":"Organization","@id":"https:\/\/stradainteriors.com\/#organization","name":"Strada Interiors","url":"https:\/\/stradainteriors.com\/","logo":{"@type":"ImageObject","inLanguage":"ca","@id":"https:\/\/stradainteriors.com\/#\/schema\/logo\/image\/","url":"https:\/\/stradainteriors.com\/wp-content\/uploads\/2021\/12\/logo_strada_marca_negatiu_negre.webp","contentUrl":"https:\/\/stradainteriors.com\/wp-content\/uploads\/2021\/12\/logo_strada_marca_negatiu_negre.webp","width":507,"height":221,"caption":"Strada Interiors"},"image":{"@id":"https:\/\/stradainteriors.com\/#\/schema\/logo\/image\/"}}]}},"_links":{"self":[{"href":"https:\/\/stradainteriors.com\/ca\/wp-json\/wp\/v2\/cpt_portfolio\/27618","targetHints":{"allow":["GET"]}}],"collection":[{"href":"https:\/\/stradainteriors.com\/ca\/wp-json\/wp\/v2\/cpt_portfolio"}],"about":[{"href":"https:\/\/stradainteriors.com\/ca\/wp-json\/wp\/v2\/types\/cpt_portfolio"}],"author":[{"embeddable":true,"href":"https:\/\/stradainteriors.com\/ca\/wp-json\/wp\/v2\/users\/3"}],"replies":[{"embeddable":true,"href":"https:\/\/stradainteriors.com\/ca\/wp-json\/wp\/v2\/comments?post=27618"}],"wp:featuredmedia":[{"embeddable":true,"href":"https:\/\/stradainteriors.com\/ca\/wp-json\/wp\/v2\/media\/26033"}],"wp:attachment":[{"href":"https:\/\/stradainteriors.com\/ca\/wp-json\/wp\/v2\/media?parent=27618"}],"wp:term":[{"taxonomy":"cpt_portfolio_group","embeddable":true,"href":"https:\/\/stradainteriors.com\/ca\/wp-json\/wp\/v2\/cpt_portfolio_group?post=27618"}],"curies":[{"name":"wp","href":"https:\/\/api.w.org\/{rel}","templated":true}]}}