{"id":27616,"date":"2024-01-24T16:06:06","date_gmt":"2024-01-24T16:06:06","guid":{"rendered":"https:\/\/stradainteriors.com\/portfolio\/trasquilon-perruquers-tarragona\/"},"modified":"2025-07-02T14:16:31","modified_gmt":"2025-07-02T14:16:31","slug":"trasquilon-perruquers-tarragona","status":"publish","type":"cpt_portfolio","link":"https:\/\/stradainteriors.com\/ca\/portfolio\/trasquilon-perruquers-tarragona\/","title":{"rendered":"Trasquil\u00f3n Perruquers Tarragona:"},"content":{"rendered":"\n<div class=\"wp-block-columns is-layout-flex wp-container-core-columns-is-layout-9d6595d7 wp-block-columns-is-layout-flex\">\n<div class=\"wp-block-column is-layout-flow wp-block-column-is-layout-flow\">\n<h6 class=\"wp-block-heading\"><strong>Projecte<\/strong> <\/h6>\n\n\n\n<p>Strada Interiors &#8211; Laura Strada<\/p>\n<\/div>\n\n\n\n<div class=\"wp-block-column is-layout-flow wp-block-column-is-layout-flow\">\n<div style=\"height:20px\" aria-hidden=\"true\" class=\"wp-block-spacer\"><\/div>\n\n\n\n<p> Benvinguts a Trasquil\u00f3n, un projecte que va m\u00e9s enll\u00e0 d&#8217;una simple perruqueria. \u00c9s un santuari de bellesa que abra\u00e7a la biof\u00edlia i l&#8217;aire lux\u00f3s que emana de la fusta d&#8217;\u00e8bano. En cada detall, hem fusionat l&#8217;ess\u00e8ncia de la natura amb la eleg\u00e0ncia del disseny, creant un espai que et transporta a un m\u00f3n de tranquilitat i estil. <\/p>\n\n\n\n<p>El terra ha estat renovat amb cer\u00e0mica que imita la fusta, proporcionant un fons c\u00e0lid i acollidor. El logo, farcit de molsa, simbolitza la missi\u00f3 com a perruqueria ecol\u00f2gica compromesa amb el medi ambient. Les gelosies, dissenyades a mida, mostren la continuitat i alberguen una gran varietat de plantes, brindant una connexi\u00f3 vital amb la natura. <\/p>\n\n\n\n<div style=\"height:20px\" aria-hidden=\"true\" class=\"wp-block-spacer\"><\/div>\n<\/div>\n\n\n\n<div class=\"wp-block-column is-layout-flow wp-block-column-is-layout-flow\">\n<div style=\"height:20px\" aria-hidden=\"true\" class=\"wp-block-spacer\"><\/div>\n\n\n\n<p> Les parets i sostres es vesteixen amb tons verds i marrons, transmetent la continu\u00eftat del m\u00f3n natural. A mesura que explores, descobreixes diversos ambients: la zona de tocadors lineals i centrals, la zona t\u00e8cnica i de rentat, la recepci\u00f3 i l&#8217;\u00e0rea masculina. Aquest \u00faltim espai, dedicat al tall de cabells i al raspallatge de qualitat, uneix tradici\u00f3 i modernitat, tant en el servei com en l&#8217;ambient. <\/p>\n\n\n\n<p>Trasquil\u00f3n no \u00e9s nom\u00e9s una perruqueria; \u00e9s un refugi d&#8217;eleg\u00e0ncia natural on la tradici\u00f3, la modernitat i la bellesa convergeixen per oferir-te una experi\u00e8ncia \u00fanica. <\/p>\n\n\n\n<div style=\"height:20px\" aria-hidden=\"true\" class=\"wp-block-spacer\"><\/div>\n<\/div>\n<\/div>\n\n<div class=\"wp-block-columns is-layout-flex wp-container-core-columns-is-layout-9d6595d7 wp-block-columns-is-layout-flex\">\n<div class=\"wp-block-column is-layout-flow wp-block-column-is-layout-flow\"><\/div>\n\n\n\n<div class=\"wp-block-column is-layout-flow wp-block-column-is-layout-flow\"><\/div>\n<\/div>\n\n<div class=\"wp-block-columns is-layout-flex wp-container-core-columns-is-layout-9d6595d7 wp-block-columns-is-layout-flex\"><\/div>\n","protected":false},"excerpt":{"rendered":"<p>Projecte Strada Interiors &#8211; Laura Strada Benvinguts a Trasquil\u00f3n, un projecte que va m\u00e9s enll\u00e0 d&#8217;una simple perruqueria. \u00c9s un santuari de bellesa que abra\u00e7a la biof\u00edlia i l&#8217;aire lux\u00f3s&hellip;<\/p>\n","protected":false},"author":3,"featured_media":26017,"comment_status":"closed","ping_status":"closed","template":"","cpt_portfolio_group":[242],"class_list":["post-27616","cpt_portfolio","type-cpt_portfolio","status-publish","has-post-thumbnail","hentry","cpt_portfolio_group-interiorismo-comercial-ca"],"yoast_head":"<!-- This site is optimized with the Yoast SEO plugin v27.5 - https:\/\/yoast.com\/product\/yoast-seo-wordpress\/ -->\n<title>Disseny d&#039;interiors comercials -Trasquil\u00f3n Perruquers Tarragona: Strada Interiors<\/title>\n<meta name=\"description\" content=\"Descobreix el disseny d&#039;interiors comercials de Trasquil\u00f3n, per Strada Interiors, on es fusiona natura, estil i sostenibilitat en un espai.\" \/>\n<meta name=\"robots\" content=\"index, follow, max-snippet:-1, max-image-preview:large, max-video-preview:-1\" \/>\n<link rel=\"canonical\" href=\"https:\/\/stradainteriors.com\/ca\/portfolio\/trasquilon-perruquers-tarragona\/\" \/>\n<meta property=\"og:locale\" content=\"ca_ES\" \/>\n<meta property=\"og:type\" content=\"article\" \/>\n<meta property=\"og:title\" content=\"Disseny d&#039;interiors comercials -Trasquil\u00f3n Perruquers Tarragona: Strada Interiors\" \/>\n<meta property=\"og:description\" content=\"Descobreix el disseny d&#039;interiors comercials de Trasquil\u00f3n, per Strada Interiors, on es fusiona natura, estil i sostenibilitat en un espai.\" \/>\n<meta property=\"og:url\" content=\"https:\/\/stradainteriors.com\/ca\/portfolio\/trasquilon-perruquers-tarragona\/\" \/>\n<meta property=\"og:site_name\" content=\"Strada Interiors\" \/>\n<meta property=\"article:modified_time\" content=\"2025-07-02T14:16:31+00:00\" \/>\n<meta property=\"og:image\" content=\"https:\/\/stradainteriors.com\/wp-content\/uploads\/2024\/01\/trasquilonreus_stradainteriors_36-scaled.webp\" \/>\n\t<meta property=\"og:image:width\" content=\"2560\" \/>\n\t<meta property=\"og:image:height\" content=\"1707\" \/>\n\t<meta property=\"og:image:type\" content=\"image\/webp\" \/>\n<meta name=\"twitter:card\" content=\"summary_large_image\" \/>\n<meta name=\"twitter:label1\" content=\"Temps estimat de lectura\" \/>\n\t<meta name=\"twitter:data1\" content=\"2 minuts\" \/>\n<script type=\"application\/ld+json\" class=\"yoast-schema-graph\">{\"@context\":\"https:\\\/\\\/schema.org\",\"@graph\":[{\"@type\":\"WebPage\",\"@id\":\"https:\\\/\\\/stradainteriors.com\\\/ca\\\/portfolio\\\/trasquilon-perruquers-tarragona\\\/\",\"url\":\"https:\\\/\\\/stradainteriors.com\\\/ca\\\/portfolio\\\/trasquilon-perruquers-tarragona\\\/\",\"name\":\"Disseny d'interiors comercials -Trasquil\u00f3n Perruquers Tarragona: Strada Interiors\",\"isPartOf\":{\"@id\":\"https:\\\/\\\/stradainteriors.com\\\/#website\"},\"primaryImageOfPage\":{\"@id\":\"https:\\\/\\\/stradainteriors.com\\\/ca\\\/portfolio\\\/trasquilon-perruquers-tarragona\\\/#primaryimage\"},\"image\":{\"@id\":\"https:\\\/\\\/stradainteriors.com\\\/ca\\\/portfolio\\\/trasquilon-perruquers-tarragona\\\/#primaryimage\"},\"thumbnailUrl\":\"https:\\\/\\\/stradainteriors.com\\\/wp-content\\\/uploads\\\/2024\\\/01\\\/trasquilonreus_stradainteriors_36-scaled.webp\",\"datePublished\":\"2024-01-24T16:06:06+00:00\",\"dateModified\":\"2025-07-02T14:16:31+00:00\",\"description\":\"Descobreix el disseny d'interiors comercials de Trasquil\u00f3n, per Strada Interiors, on es fusiona natura, estil i sostenibilitat en un espai.\",\"breadcrumb\":{\"@id\":\"https:\\\/\\\/stradainteriors.com\\\/ca\\\/portfolio\\\/trasquilon-perruquers-tarragona\\\/#breadcrumb\"},\"inLanguage\":\"ca\",\"potentialAction\":[{\"@type\":\"ReadAction\",\"target\":[\"https:\\\/\\\/stradainteriors.com\\\/ca\\\/portfolio\\\/trasquilon-perruquers-tarragona\\\/\"]}]},{\"@type\":\"ImageObject\",\"inLanguage\":\"ca\",\"@id\":\"https:\\\/\\\/stradainteriors.com\\\/ca\\\/portfolio\\\/trasquilon-perruquers-tarragona\\\/#primaryimage\",\"url\":\"https:\\\/\\\/stradainteriors.com\\\/wp-content\\\/uploads\\\/2024\\\/01\\\/trasquilonreus_stradainteriors_36-scaled.webp\",\"contentUrl\":\"https:\\\/\\\/stradainteriors.com\\\/wp-content\\\/uploads\\\/2024\\\/01\\\/trasquilonreus_stradainteriors_36-scaled.webp\",\"width\":2560,\"height\":1707,\"caption\":\"Disseny d'interiors comercials\"},{\"@type\":\"BreadcrumbList\",\"@id\":\"https:\\\/\\\/stradainteriors.com\\\/ca\\\/portfolio\\\/trasquilon-perruquers-tarragona\\\/#breadcrumb\",\"itemListElement\":[{\"@type\":\"ListItem\",\"position\":1,\"name\":\"Inicio\",\"item\":\"https:\\\/\\\/stradainteriors.com\\\/ca\\\/\"},{\"@type\":\"ListItem\",\"position\":2,\"name\":\"Portfolio\",\"item\":\"https:\\\/\\\/stradainteriors.com\\\/portfolio\\\/\"},{\"@type\":\"ListItem\",\"position\":3,\"name\":\"Trasquil\u00f3n Perruquers Tarragona:\"}]},{\"@type\":\"WebSite\",\"@id\":\"https:\\\/\\\/stradainteriors.com\\\/#website\",\"url\":\"https:\\\/\\\/stradainteriors.com\\\/\",\"name\":\"Strada Interiors\",\"description\":\"Dise\u00f1o de Interiors\",\"publisher\":{\"@id\":\"https:\\\/\\\/stradainteriors.com\\\/#organization\"},\"potentialAction\":[{\"@type\":\"SearchAction\",\"target\":{\"@type\":\"EntryPoint\",\"urlTemplate\":\"https:\\\/\\\/stradainteriors.com\\\/?s={search_term_string}\"},\"query-input\":{\"@type\":\"PropertyValueSpecification\",\"valueRequired\":true,\"valueName\":\"search_term_string\"}}],\"inLanguage\":\"ca\"},{\"@type\":\"Organization\",\"@id\":\"https:\\\/\\\/stradainteriors.com\\\/#organization\",\"name\":\"Strada Interiors\",\"url\":\"https:\\\/\\\/stradainteriors.com\\\/\",\"logo\":{\"@type\":\"ImageObject\",\"inLanguage\":\"ca\",\"@id\":\"https:\\\/\\\/stradainteriors.com\\\/#\\\/schema\\\/logo\\\/image\\\/\",\"url\":\"https:\\\/\\\/stradainteriors.com\\\/wp-content\\\/uploads\\\/2021\\\/12\\\/logo_strada_marca_negatiu_negre.webp\",\"contentUrl\":\"https:\\\/\\\/stradainteriors.com\\\/wp-content\\\/uploads\\\/2021\\\/12\\\/logo_strada_marca_negatiu_negre.webp\",\"width\":507,\"height\":221,\"caption\":\"Strada Interiors\"},\"image\":{\"@id\":\"https:\\\/\\\/stradainteriors.com\\\/#\\\/schema\\\/logo\\\/image\\\/\"}}]}<\/script>\n<!-- \/ Yoast SEO plugin. -->","yoast_head_json":{"title":"Disseny d'interiors comercials -Trasquil\u00f3n Perruquers Tarragona: Strada Interiors","description":"Descobreix el disseny d'interiors comercials de Trasquil\u00f3n, per Strada Interiors, on es fusiona natura, estil i sostenibilitat en un espai.","robots":{"index":"index","follow":"follow","max-snippet":"max-snippet:-1","max-image-preview":"max-image-preview:large","max-video-preview":"max-video-preview:-1"},"canonical":"https:\/\/stradainteriors.com\/ca\/portfolio\/trasquilon-perruquers-tarragona\/","og_locale":"ca_ES","og_type":"article","og_title":"Disseny d'interiors comercials -Trasquil\u00f3n Perruquers Tarragona: Strada Interiors","og_description":"Descobreix el disseny d'interiors comercials de Trasquil\u00f3n, per Strada Interiors, on es fusiona natura, estil i sostenibilitat en un espai.","og_url":"https:\/\/stradainteriors.com\/ca\/portfolio\/trasquilon-perruquers-tarragona\/","og_site_name":"Strada Interiors","article_modified_time":"2025-07-02T14:16:31+00:00","og_image":[{"width":2560,"height":1707,"url":"https:\/\/stradainteriors.com\/wp-content\/uploads\/2024\/01\/trasquilonreus_stradainteriors_36-scaled.webp","type":"image\/webp"}],"twitter_card":"summary_large_image","twitter_misc":{"Temps estimat de lectura":"2 minuts"},"schema":{"@context":"https:\/\/schema.org","@graph":[{"@type":"WebPage","@id":"https:\/\/stradainteriors.com\/ca\/portfolio\/trasquilon-perruquers-tarragona\/","url":"https:\/\/stradainteriors.com\/ca\/portfolio\/trasquilon-perruquers-tarragona\/","name":"Disseny d'interiors comercials -Trasquil\u00f3n Perruquers Tarragona: Strada Interiors","isPartOf":{"@id":"https:\/\/stradainteriors.com\/#website"},"primaryImageOfPage":{"@id":"https:\/\/stradainteriors.com\/ca\/portfolio\/trasquilon-perruquers-tarragona\/#primaryimage"},"image":{"@id":"https:\/\/stradainteriors.com\/ca\/portfolio\/trasquilon-perruquers-tarragona\/#primaryimage"},"thumbnailUrl":"https:\/\/stradainteriors.com\/wp-content\/uploads\/2024\/01\/trasquilonreus_stradainteriors_36-scaled.webp","datePublished":"2024-01-24T16:06:06+00:00","dateModified":"2025-07-02T14:16:31+00:00","description":"Descobreix el disseny d'interiors comercials de Trasquil\u00f3n, per Strada Interiors, on es fusiona natura, estil i sostenibilitat en un espai.","breadcrumb":{"@id":"https:\/\/stradainteriors.com\/ca\/portfolio\/trasquilon-perruquers-tarragona\/#breadcrumb"},"inLanguage":"ca","potentialAction":[{"@type":"ReadAction","target":["https:\/\/stradainteriors.com\/ca\/portfolio\/trasquilon-perruquers-tarragona\/"]}]},{"@type":"ImageObject","inLanguage":"ca","@id":"https:\/\/stradainteriors.com\/ca\/portfolio\/trasquilon-perruquers-tarragona\/#primaryimage","url":"https:\/\/stradainteriors.com\/wp-content\/uploads\/2024\/01\/trasquilonreus_stradainteriors_36-scaled.webp","contentUrl":"https:\/\/stradainteriors.com\/wp-content\/uploads\/2024\/01\/trasquilonreus_stradainteriors_36-scaled.webp","width":2560,"height":1707,"caption":"Disseny d'interiors comercials"},{"@type":"BreadcrumbList","@id":"https:\/\/stradainteriors.com\/ca\/portfolio\/trasquilon-perruquers-tarragona\/#breadcrumb","itemListElement":[{"@type":"ListItem","position":1,"name":"Inicio","item":"https:\/\/stradainteriors.com\/ca\/"},{"@type":"ListItem","position":2,"name":"Portfolio","item":"https:\/\/stradainteriors.com\/portfolio\/"},{"@type":"ListItem","position":3,"name":"Trasquil\u00f3n Perruquers Tarragona:"}]},{"@type":"WebSite","@id":"https:\/\/stradainteriors.com\/#website","url":"https:\/\/stradainteriors.com\/","name":"Strada Interiors","description":"Dise\u00f1o de Interiors","publisher":{"@id":"https:\/\/stradainteriors.com\/#organization"},"potentialAction":[{"@type":"SearchAction","target":{"@type":"EntryPoint","urlTemplate":"https:\/\/stradainteriors.com\/?s={search_term_string}"},"query-input":{"@type":"PropertyValueSpecification","valueRequired":true,"valueName":"search_term_string"}}],"inLanguage":"ca"},{"@type":"Organization","@id":"https:\/\/stradainteriors.com\/#organization","name":"Strada Interiors","url":"https:\/\/stradainteriors.com\/","logo":{"@type":"ImageObject","inLanguage":"ca","@id":"https:\/\/stradainteriors.com\/#\/schema\/logo\/image\/","url":"https:\/\/stradainteriors.com\/wp-content\/uploads\/2021\/12\/logo_strada_marca_negatiu_negre.webp","contentUrl":"https:\/\/stradainteriors.com\/wp-content\/uploads\/2021\/12\/logo_strada_marca_negatiu_negre.webp","width":507,"height":221,"caption":"Strada Interiors"},"image":{"@id":"https:\/\/stradainteriors.com\/#\/schema\/logo\/image\/"}}]}},"_links":{"self":[{"href":"https:\/\/stradainteriors.com\/ca\/wp-json\/wp\/v2\/cpt_portfolio\/27616","targetHints":{"allow":["GET"]}}],"collection":[{"href":"https:\/\/stradainteriors.com\/ca\/wp-json\/wp\/v2\/cpt_portfolio"}],"about":[{"href":"https:\/\/stradainteriors.com\/ca\/wp-json\/wp\/v2\/types\/cpt_portfolio"}],"author":[{"embeddable":true,"href":"https:\/\/stradainteriors.com\/ca\/wp-json\/wp\/v2\/users\/3"}],"replies":[{"embeddable":true,"href":"https:\/\/stradainteriors.com\/ca\/wp-json\/wp\/v2\/comments?post=27616"}],"wp:featuredmedia":[{"embeddable":true,"href":"https:\/\/stradainteriors.com\/ca\/wp-json\/wp\/v2\/media\/26017"}],"wp:attachment":[{"href":"https:\/\/stradainteriors.com\/ca\/wp-json\/wp\/v2\/media?parent=27616"}],"wp:term":[{"taxonomy":"cpt_portfolio_group","embeddable":true,"href":"https:\/\/stradainteriors.com\/ca\/wp-json\/wp\/v2\/cpt_portfolio_group?post=27616"}],"curies":[{"name":"wp","href":"https:\/\/api.w.org\/{rel}","templated":true}]}}