{"id":27729,"date":"2021-12-16T07:33:55","date_gmt":"2021-12-16T07:33:55","guid":{"rendered":"https:\/\/stradainteriors.com\/layouts\/footer-simple-corbesier\/"},"modified":"2026-02-24T15:23:31","modified_gmt":"2026-02-24T15:23:31","slug":"footer-simple-corbesier","status":"publish","type":"cpt_layouts","link":"https:\/\/stradainteriors.com\/ca\/layouts\/footer-simple-corbesier\/","title":{"rendered":"Footer Simple (corbesier)"},"content":{"rendered":"\t\t<div data-elementor-type=\"cpt_layouts\" data-elementor-id=\"27729\" class=\"elementor elementor-27729 elementor-18648\" data-elementor-post-type=\"cpt_layouts\">\n\t\t\t\t\t\t<section class=\"elementor-section elementor-top-section elementor-element elementor-element-f3704ed elementor-section-full_width elementor-section-height-default elementor-section-height-default sc_fly_static\" data-id=\"f3704ed\" data-element_type=\"section\" data-e-type=\"section\" data-settings=\"{&quot;background_background&quot;:&quot;classic&quot;}\">\n\t\t\t\t\t\t<div class=\"elementor-container elementor-column-gap-extended\">\n\t\t\t\t\t<div class=\"elementor-column elementor-col-100 elementor-top-column elementor-element elementor-element-a292093 sc_content_align_inherit sc_layouts_column_icons_position_left sc_fly_static\" data-id=\"a292093\" data-element_type=\"column\" data-e-type=\"column\" data-settings=\"{&quot;background_background&quot;:&quot;classic&quot;}\">\n\t\t\t<div class=\"elementor-widget-wrap elementor-element-populated\">\n\t\t\t\t\t<div class=\"elementor-background-overlay\"><\/div>\n\t\t\t\t\t\t<div class=\"elementor-element elementor-element-51415d3 sc_fly_static elementor-widget elementor-widget-heading\" data-id=\"51415d3\" data-element_type=\"widget\" data-e-type=\"widget\" data-widget_type=\"heading.default\">\n\t\t\t\t<div class=\"elementor-widget-container\">\n\t\t\t\t\t<h2 class=\"elementor-heading-title elementor-size-default\"><a href=\"https:\/\/stradainteriors.com\/questionario\/\">FES LA PROVA DEL TEU ESPAI<\/a><\/h2>\t\t\t\t<\/div>\n\t\t\t\t<\/div>\n\t\t\t\t\t<\/div>\n\t\t<\/div>\n\t\t\t\t\t<\/div>\n\t\t<\/section>\n\t\t\t\t<section class=\"elementor-section elementor-top-section elementor-element elementor-element-e061c71 sc_layouts_row sc_layouts_row_type_compact elementor-section-content-middle elementor-reverse-mobile elementor-section-boxed elementor-section-height-default elementor-section-height-default sc_fly_static\" data-id=\"e061c71\" data-element_type=\"section\" data-e-type=\"section\" data-settings=\"{&quot;background_background&quot;:&quot;classic&quot;}\">\n\t\t\t\t\t\t<div class=\"elementor-container elementor-column-gap-extended\">\n\t\t\t\t\t<div class=\"elementor-column elementor-col-25 elementor-top-column elementor-element elementor-element-fa9a16b sc-mobile_layouts_column_align_center sc_layouts_column sc_inner_width_1_1 sc-mobile_inner_width_none sc_content_align_inherit sc_layouts_column_icons_position_left sc_fly_static\" data-id=\"fa9a16b\" data-element_type=\"column\" data-e-type=\"column\" data-settings=\"{&quot;background_background&quot;:&quot;classic&quot;}\">\n\t\t\t<div class=\"elementor-widget-wrap elementor-element-populated\">\n\t\t\t\t\t\t<div class=\"elementor-element elementor-element-b691d72 sc_fly_static elementor-widget elementor-widget-text-editor\" data-id=\"b691d72\" data-element_type=\"widget\" data-e-type=\"widget\" data-widget_type=\"text-editor.default\">\n\t\t\t\t<div class=\"elementor-widget-container\">\n\t\t\t\t\t\t\t\t\t<p>LA MEVA NEWSLETTER<\/p>\t\t\t\t\t\t\t\t<\/div>\n\t\t\t\t<\/div>\n\t\t\t\t<div class=\"elementor-element elementor-element-f539ac6 sc_fly_static elementor-widget elementor-widget-text-editor\" data-id=\"f539ac6\" data-element_type=\"widget\" data-e-type=\"widget\" data-widget_type=\"text-editor.default\">\n\t\t\t\t<div class=\"elementor-widget-container\">\n\t\t\t\t\t\t\t\t\t<p>Registreu-vos per rebre contingut exclusiu.<\/p>\t\t\t\t\t\t\t\t<\/div>\n\t\t\t\t<\/div>\n\t\t\t\t<div class=\"sc_layouts_item elementor-element elementor-element-a71f794 elementor-mobile-button-align-stretch elementor-widget-mobile__width-inherit elementor-button-align-stretch sc_fly_static elementor-widget elementor-widget-form\" data-id=\"a71f794\" data-element_type=\"widget\" data-e-type=\"widget\" data-settings=\"{&quot;step_next_label&quot;:&quot;Siguiente&quot;,&quot;step_previous_label&quot;:&quot;Anterior&quot;,&quot;button_width&quot;:&quot;100&quot;,&quot;step_type&quot;:&quot;number_text&quot;,&quot;step_icon_shape&quot;:&quot;circle&quot;}\" data-widget_type=\"form.default\">\n\t\t\t\t<div class=\"elementor-widget-container\">\n\t\t\t\t\t\t\t<form class=\"elementor-form\" method=\"post\" name=\"Newsletter\" aria-label=\"Newsletter\">\r\n\t\t\t<input type=\"hidden\" name=\"post_id\" value=\"27729\"\/>\r\n\t\t\t<input type=\"hidden\" name=\"form_id\" value=\"a71f794\"\/>\r\n\t\t\t<input type=\"hidden\" name=\"referer_title\" value=\"Disseny D&#039;espai Sala F\u00f2rum de Ematsa - Strada Interiors\" \/>\r\n\r\n\t\t\t\t\t\t\t<input type=\"hidden\" name=\"queried_id\" value=\"27618\"\/>\r\n\t\t\t\r\n\t\t\t<div class=\"elementor-form-fields-wrapper elementor-labels-\">\r\n\t\t\t\t\t\t\t\t<div class=\"elementor-field-type-text elementor-field-group elementor-column elementor-field-group-name elementor-col-100 elementor-field-required\">\r\n\t\t\t\t\t\t\t\t\t\t\t\t<label for=\"form-field-name\" class=\"elementor-field-label elementor-screen-only\">\r\n\t\t\t\t\t\t\t\tNom\t\t\t\t\t\t\t<\/label>\r\n\t\t\t\t\t\t\t\t\t\t\t\t\t\t<input size=\"1\" type=\"text\" name=\"form_fields[name]\" id=\"form-field-name\" class=\"elementor-field elementor-size-sm  elementor-field-textual\" placeholder=\"Nom\" required=\"required\">\r\n\t\t\t\t\t\t\t\t\t\t\t<\/div>\r\n\t\t\t\t\t\t\t\t<div class=\"elementor-field-type-email elementor-field-group elementor-column elementor-field-group-email elementor-col-100 elementor-field-required\">\r\n\t\t\t\t\t\t\t\t\t\t\t\t<label for=\"form-field-email\" class=\"elementor-field-label elementor-screen-only\">\r\n\t\t\t\t\t\t\t\tEmail\t\t\t\t\t\t\t<\/label>\r\n\t\t\t\t\t\t\t\t\t\t\t\t\t\t<input size=\"1\" type=\"email\" name=\"form_fields[email]\" id=\"form-field-email\" class=\"elementor-field elementor-size-sm  elementor-field-textual\" placeholder=\"Email\" required=\"required\">\r\n\t\t\t\t\t\t\t\t\t\t\t<\/div>\r\n\t\t\t\t\t\t\t\t<div class=\"elementor-field-type-acceptance elementor-field-group elementor-column elementor-field-group-field_3214f09 elementor-col-100 elementor-field-required\">\r\n\t\t\t\t\t\t\t<div class=\"elementor-field-subgroup\">\r\n\t\t\t<span class=\"elementor-field-option\">\r\n\t\t\t\t<input type=\"checkbox\" name=\"form_fields[field_3214f09]\" id=\"form-field-field_3214f09\" class=\"elementor-field elementor-size-sm  elementor-acceptance-field\" required=\"required\">\r\n\t\t\t\t<label for=\"form-field-field_3214f09\">He llegit i accepto l' <label> <a href=\"https:\/\/intranet.laboralrgpd.com\/aviso-legal\/index.php?sid=d2NIaG1seVRBRjBEVzJhYU0zVkgxdz09\"target=\"_blank\"\n     style=\"color:#fff;\">\n    Av\u00ed legal <\/a> i la <a href=\"https:\/\/intranet.laboralrgpd.com\/politicaPrivacidad\/index.php?sid=d2NIaG1seVRBRjBEVzJhYU0zVkgxdz09r\"\n     target=\"_blank\"\n     style=\"color:#fff;\">\n    Pol\u00edtica de Privacitat\n  <\/a>\n<\/label>\n<\/label>\t\t\t<\/span>\r\n\t\t<\/div>\r\n\t\t\t\t\t\t<\/div>\r\n\t\t\t\t\t\t\t\t<div class=\"elementor-field-group elementor-column elementor-field-type-submit elementor-col-100 e-form__buttons\">\r\n\t\t\t\t\t<button class=\"elementor-button elementor-size-sm\" type=\"submit\">\r\n\t\t\t\t\t\t<span class=\"elementor-button-content-wrapper\">\r\n\t\t\t\t\t\t\t\t\t\t\t\t\t\t\t\t\t\t\t\t\t\t<span class=\"elementor-button-text\">Enviar<\/span>\r\n\t\t\t\t\t\t\t\t\t\t\t\t\t<\/span>\r\n\t\t\t\t\t<\/button>\r\n\t\t\t\t<\/div>\r\n\t\t\t<\/div>\r\n\t\t<\/form>\r\n\t\t\t\t\t\t<\/div>\n\t\t\t\t<\/div>\n\t\t\t\t\t<\/div>\n\t\t<\/div>\n\t\t\t\t<div class=\"elementor-column elementor-col-25 elementor-top-column elementor-element elementor-element-1670c78 sc-mobile_layouts_column_align_center sc_layouts_column sc_content_align_inherit sc_layouts_column_icons_position_left sc_fly_static\" data-id=\"1670c78\" data-element_type=\"column\" data-e-type=\"column\">\n\t\t\t<div class=\"elementor-widget-wrap elementor-element-populated\">\n\t\t\t\t\t\t<div class=\"elementor-element elementor-element-f9cbe23 sc_fly_static elementor-widget elementor-widget-text-editor\" data-id=\"f9cbe23\" data-element_type=\"widget\" data-e-type=\"widget\" data-widget_type=\"text-editor.default\">\n\t\t\t\t<div class=\"elementor-widget-container\">\n\t\t\t\t\t\t\t\t\t<p>Serveis<\/p>\t\t\t\t\t\t\t\t<\/div>\n\t\t\t\t<\/div>\n\t\t\t\t<div class=\"elementor-element elementor-element-a41991a sc_fly_static elementor-widget elementor-widget-text-editor\" data-id=\"a41991a\" data-element_type=\"widget\" data-e-type=\"widget\" data-widget_type=\"text-editor.default\">\n\t\t\t\t<div class=\"elementor-widget-container\">\n\t\t\t\t\t\t\t\t\t<p><a style=\"color: #fff;\" href=\"https:\/\/stradainteriors.com\/ca\/interiorisme-comercial\/\">Interiorisme comercial<\/a><\/p><p><a style=\"color: #fff;\" href=\"https:\/\/stradainteriors.com\/ca\/interiorisme-residencial\/\">Interiorisme residencial<\/a><\/p>\t\t\t\t\t\t\t\t<\/div>\n\t\t\t\t<\/div>\n\t\t\t\t\t<\/div>\n\t\t<\/div>\n\t\t\t\t<div class=\"elementor-column elementor-col-25 elementor-top-column elementor-element elementor-element-a92c88e sc-mobile_layouts_column_align_center sc_layouts_column sc_content_align_inherit sc_layouts_column_icons_position_left sc_fly_static\" data-id=\"a92c88e\" data-element_type=\"column\" data-e-type=\"column\">\n\t\t\t<div class=\"elementor-widget-wrap elementor-element-populated\">\n\t\t\t\t\t\t<div class=\"elementor-element elementor-element-14b5eb1 sc_fly_static elementor-widget elementor-widget-text-editor\" data-id=\"14b5eb1\" data-element_type=\"widget\" data-e-type=\"widget\" data-widget_type=\"text-editor.default\">\n\t\t\t\t<div class=\"elementor-widget-container\">\n\t\t\t\t\t\t\t\t\t<p>Recursos \u00fatils<\/p>\t\t\t\t\t\t\t\t<\/div>\n\t\t\t\t<\/div>\n\t\t\t\t<div class=\"elementor-element elementor-element-a91eab0 sc_fly_static elementor-widget elementor-widget-text-editor\" data-id=\"a91eab0\" data-element_type=\"widget\" data-e-type=\"widget\" data-widget_type=\"text-editor.default\">\n\t\t\t\t<div class=\"elementor-widget-container\">\n\t\t\t\t\t\t\t\t\t<p><a style=\"color: #fff;\" href=\"https:\/\/stradainteriors.com\/ca\/projectes-comercials\/\">Projectes comercials<\/a><br \/><a style=\"color: #fff;\" href=\"https:\/\/stradainteriors.com\/ca\/projectes-residencials\/\">Projectes residencials<\/a><br \/><a style=\"color: #fff;\" href=\"\/sobre-strada-interiors\/\">Sobre nosaltres<\/a><\/p>\t\t\t\t\t\t\t\t<\/div>\n\t\t\t\t<\/div>\n\t\t\t\t\t<\/div>\n\t\t<\/div>\n\t\t\t\t<div class=\"elementor-column elementor-col-25 elementor-top-column elementor-element elementor-element-c718a2c sc-mobile_layouts_column_align_center sc_layouts_column sc_content_align_inherit sc_layouts_column_icons_position_left sc_fly_static\" data-id=\"c718a2c\" data-element_type=\"column\" data-e-type=\"column\">\n\t\t\t<div class=\"elementor-widget-wrap elementor-element-populated\">\n\t\t\t\t\t\t<div class=\"sc_layouts_item elementor-element elementor-element-252249f sc_fly_static elementor-widget elementor-widget-heading\" data-id=\"252249f\" data-element_type=\"widget\" data-e-type=\"widget\" data-widget_type=\"heading.default\">\n\t\t\t\t<div class=\"elementor-widget-container\">\n\t\t\t\t\t<h3 class=\"elementor-heading-title elementor-size-medium\">INTERIORISTES AMB ESTUDI A TARRAGONA<\/h3>\t\t\t\t<\/div>\n\t\t\t\t<\/div>\n\t\t\t\t<div class=\"elementor-element elementor-element-6860b24 sc_fly_static elementor-widget elementor-widget-text-editor\" data-id=\"6860b24\" data-element_type=\"widget\" data-e-type=\"widget\" data-widget_type=\"text-editor.default\">\n\t\t\t\t<div class=\"elementor-widget-container\">\n\t\t\t\t\t\t\t\t\t<p>Benvinguts al nostre estudi de refer\u00e8ncia a Tarragona, on l&#8217;interiorisme \u00e9s la clau per a millorar el teu negoci i qualitat de vida, \u00e9s la imatge que et representa i connecta amb la teva personalitat.<\/p>\n\t\t\t\t\t\t\t\t<\/div>\n\t\t\t\t<\/div>\n\t\t\t\t\t<\/div>\n\t\t<\/div>\n\t\t\t\t\t<\/div>\n\t\t<\/section>\n\t\t\t\t<section class=\"elementor-section elementor-top-section elementor-element elementor-element-a46ca74 sc_layouts_row sc_layouts_row_type_compact elementor-section-content-middle elementor-reverse-mobile elementor-section-full_width elementor-section-height-default elementor-section-height-default sc_fly_static\" data-id=\"a46ca74\" data-element_type=\"section\" data-e-type=\"section\" data-settings=\"{&quot;background_background&quot;:&quot;classic&quot;}\">\n\t\t\t\t\t\t<div class=\"elementor-container elementor-column-gap-extended\">\n\t\t\t\t\t<div class=\"elementor-column elementor-col-100 elementor-top-column elementor-element elementor-element-ea1daa5 sc_layouts_column_align_right sc_layouts_column sc-mobile_layouts_column_align_center sc_layouts_column sc_content_align_inherit sc_layouts_column_icons_position_left sc_fly_static\" data-id=\"ea1daa5\" data-element_type=\"column\" data-e-type=\"column\">\n\t\t\t<div class=\"elementor-widget-wrap elementor-element-populated\">\n\t\t\t\t\t\t<div class=\"elementor-element elementor-element-5da246b sc_fly_static elementor-widget elementor-widget-trx_sc_socials\" data-id=\"5da246b\" data-element_type=\"widget\" data-e-type=\"widget\" data-widget_type=\"trx_sc_socials.default\">\n\t\t\t\t<div class=\"elementor-widget-container\">\n\t\t\t\t\t<div  \n\t\tclass=\"sc_socials sc_socials_default sc_align_none\" ><div class=\"socials_wrap sc_item_content\"><a target=\"_blank\" rel=\"nofollow\" href=\"https:\/\/www.instagram.com\/strada_interiors\/\" class=\"social_item social_item_style_icons sc_icon_type_icons social_item_type_icons\"><span class=\"social_icon social_icon_instagram\" style=\"\"><span class=\"screen-reader-text\">instagram<\/span><span class=\"icon-instagram\"><\/span><\/span><\/a><a target=\"_blank\" rel=\"nofollow\" href=\"https:\/\/www.pinterest.es\/stradainteriors\/\" class=\"social_item social_item_style_icons sc_icon_type_icons social_item_type_icons\"><span class=\"social_icon social_icon_pinterest\" style=\"\"><span class=\"screen-reader-text\">pinterest<\/span><span class=\"icon-pinterest\"><\/span><\/span><\/a><a target=\"_blank\" rel=\"nofollow\" href=\"https:\/\/www.houzz.es\/profesionales\/arquitectos-de-interiores\/strada-interiors-pfvwes-pf~1228648579?\" class=\"social_item social_item_style_icons sc_icon_type_icons social_item_type_icons\"><span class=\"social_icon social_icon_home\" style=\"\"><span class=\"screen-reader-text\">home<\/span><span class=\"icon-home\"><\/span><\/span><\/a><a target=\"_blank\" rel=\"nofollow\" href=\"https:\/\/es.linkedin.com\/company\/laurastrada-interiors\" class=\"social_item social_item_style_icons sc_icon_type_icons social_item_type_icons\"><span class=\"social_icon social_icon_linkedin\" style=\"\"><span class=\"screen-reader-text\">linkedin<\/span><span class=\"icon-linkedin\"><\/span><\/span><\/a><a target=\"_blank\" rel=\"nofollow\" href=\"https:\/\/www.youtube.com\/channel\/UCk2zkpz1veZ2o6OLuU4t_-Q\" class=\"social_item social_item_style_icons sc_icon_type_icons social_item_type_icons\"><span class=\"social_icon social_icon_youtube\" style=\"\"><span class=\"screen-reader-text\">youtube<\/span><span class=\"icon-youtube\"><\/span><\/span><\/a><\/div><\/div>\t\t\t\t<\/div>\n\t\t\t\t<\/div>\n\t\t\t\t\t<\/div>\n\t\t<\/div>\n\t\t\t\t\t<\/div>\n\t\t<\/section>\n\t\t\t\t<section class=\"elementor-section elementor-top-section elementor-element elementor-element-cba10e2 elementor-section-boxed elementor-section-height-default elementor-section-height-default sc_fly_static\" data-id=\"cba10e2\" data-element_type=\"section\" data-e-type=\"section\" data-settings=\"{&quot;background_background&quot;:&quot;classic&quot;}\">\n\t\t\t\t\t\t<div class=\"elementor-container elementor-column-gap-extended\">\n\t\t\t\t\t<div class=\"elementor-column elementor-col-100 elementor-top-column elementor-element elementor-element-553513d sc_content_align_inherit sc_layouts_column_icons_position_left sc_fly_static\" data-id=\"553513d\" data-element_type=\"column\" data-e-type=\"column\">\n\t\t\t<div class=\"elementor-widget-wrap elementor-element-populated\">\n\t\t\t\t\t\t<div class=\"sc_layouts_item elementor-element elementor-element-f1fba2d sc_fly_static elementor-widget elementor-widget-html\" data-id=\"f1fba2d\" data-element_type=\"widget\" data-e-type=\"widget\" data-widget_type=\"html.default\">\n\t\t\t\t<div class=\"elementor-widget-container\">\n\t\t\t\t\t<div style=\"width:100%; text-align:center; color:white !important;\">\r\n  <a href=\"mailto:info@stradainteriors.com\" style=\"color:#fff !important;\" target=\"_blank\">\r\n    <i class=\"\"><\/i>info@stradainteriors.com\r\n  <\/a>\r\n<\/div>\r\n\t\t\t\t<\/div>\n\t\t\t\t<\/div>\n\t\t\t\t\t<\/div>\n\t\t<\/div>\n\t\t\t\t\t<\/div>\n\t\t<\/section>\n\t\t\t\t<section class=\"elementor-section elementor-top-section elementor-element elementor-element-5ace389 elementor-section-boxed elementor-section-height-default elementor-section-height-default sc_fly_static\" data-id=\"5ace389\" data-element_type=\"section\" data-e-type=\"section\" data-settings=\"{&quot;background_background&quot;:&quot;classic&quot;}\">\n\t\t\t\t\t\t<div class=\"elementor-container elementor-column-gap-extended\">\n\t\t\t\t\t<div class=\"elementor-column elementor-col-100 elementor-top-column elementor-element elementor-element-becf303 sc_content_align_inherit sc_layouts_column_icons_position_left sc_fly_static\" data-id=\"becf303\" data-element_type=\"column\" data-e-type=\"column\">\n\t\t\t<div class=\"elementor-widget-wrap elementor-element-populated\">\n\t\t\t\t\t\t<div class=\"sc_layouts_item elementor-element elementor-element-1845e70 sc_fly_static elementor-widget elementor-widget-html\" data-id=\"1845e70\" data-element_type=\"widget\" data-e-type=\"widget\" data-widget_type=\"html.default\">\n\t\t\t\t<div class=\"elementor-widget-container\">\n\t\t\t\t\t<div style=\"width:100%; text-align:center; color:white !important;\"> <a style=\"color:#fff !important;\"><i class=\"\"><\/i> <\/a>  <a style=\"color:#fff !important; target=\"_black\"><i class=\"\"><\/i><strong>Estudi a Barcelona.<\/strong> Monday Fleming | coworking  y Business Center. Carrer Dr Fleming 17 08017 Barcelona<\/a> | <a style=\"color:#fff !important;\" href=\"tel:663935707\"> <i class=\"fas fa-phone\"><\/i> Tel. 663935707<\/a><\/div>\t\t\t\t<\/div>\n\t\t\t\t<\/div>\n\t\t\t\t<div class=\"sc_layouts_item elementor-element elementor-element-676154c sc_fly_static elementor-widget elementor-widget-html\" data-id=\"676154c\" data-element_type=\"widget\" data-e-type=\"widget\" data-widget_type=\"html.default\">\n\t\t\t\t<div class=\"elementor-widget-container\">\n\t\t\t\t\t<div style=\"width:100%; text-align:center; color:white !important;\"> <a style=\"color:#fff !important;\"><i class=\"\"><\/i> <\/a>  <a style=\"color:#fff !important; target=\"_black\"><i class=\"\"><\/i><strong>Estudi a Tarragona.<\/strong> Carrer Joan Fuster i Ortells 6 Esc.D Baixos B, Tarragona<\/a> | <a style=\"color:#fff !important;\" href=\"tel:663935707\"> <i class=\"fas fa-phone\"><\/i> Tel. 663935707<\/a><\/div>\t\t\t\t<\/div>\n\t\t\t\t<\/div>\n\t\t\t\t<div class=\"sc_layouts_item elementor-element elementor-element-2b4e3f7 sc_fly_static elementor-widget elementor-widget-html\" data-id=\"2b4e3f7\" data-element_type=\"widget\" data-e-type=\"widget\" data-widget_type=\"html.default\">\n\t\t\t\t<div class=\"elementor-widget-container\">\n\t\t\t\t\t<style>[class*=\"scheme_\"].sidebar .sc_layouts_row_type_compact .socials_wrap .social_item .social_icon, [class*=\"scheme_\"].footer_wrap .sc_layouts_row_type_compact .socials_wrap .social_item .social_icon {\n    \n    color: white !important;\n}\n<\/style>\t\t\t\t<\/div>\n\t\t\t\t<\/div>\n\t\t\t\t\t<\/div>\n\t\t<\/div>\n\t\t\t\t\t<\/div>\n\t\t<\/section>\n\t\t\t\t<section class=\"elementor-section elementor-top-section elementor-element elementor-element-6c54e9e elementor-section-boxed elementor-section-height-default elementor-section-height-default sc_fly_static\" data-id=\"6c54e9e\" data-element_type=\"section\" data-e-type=\"section\" data-settings=\"{&quot;background_background&quot;:&quot;classic&quot;}\">\n\t\t\t\t\t\t<div class=\"elementor-container elementor-column-gap-extended\">\n\t\t\t\t\t<div class=\"elementor-column elementor-col-100 elementor-top-column elementor-element elementor-element-b2ae4fc sc_content_align_inherit sc_layouts_column_icons_position_left sc_fly_static\" data-id=\"b2ae4fc\" data-element_type=\"column\" data-e-type=\"column\">\n\t\t\t<div class=\"elementor-widget-wrap elementor-element-populated\">\n\t\t\t\t\t\t<div class=\"elementor-element elementor-element-aed3ff2 sc_fly_static elementor-widget elementor-widget-text-editor\" data-id=\"aed3ff2\" data-element_type=\"widget\" data-e-type=\"widget\" data-widget_type=\"text-editor.default\">\n\t\t\t\t<div class=\"elementor-widget-container\">\n\t\t\t\t\t\t\t\t\t<a style=\"color: #fff;\" href=\"https:\/\/intranet.laboralrgpd.com\/politicaPrivacidad\/index.php?sid=d2NIaG1seVRBRjBEVzJhYU0zVkgxdz09\" target=\"_blank\" rel=\"noopener\">Pol\u00edtica de privacitat<\/a><\/br>\n<a style=\"color: #fff;\" href=\"https:\/\/intranet.laboralrgpd.com\/aviso-legal\/index.php?sid=d2NIaG1seVRBRjBEVzJhYU0zVkgxdz09\">Av\u00eds legal<\/a><\/br>\n<a style=\"color: #fff;\" href=\"https:\/\/intranet.laboralrgpd.com\/politicaCookies\/index.php?sid=d2NIaG1seVRBRjBEVzJhYU0zVkgxdz09\" target=\"_blank\" rel=\"noopener\">Pol\u00edtiques de cookies<\/a>\t\t\t\t\t\t\t\t<\/div>\n\t\t\t\t<\/div>\n\t\t\t\t\t<\/div>\n\t\t<\/div>\n\t\t\t\t\t<\/div>\n\t\t<\/section>\n\t\t\t\t<\/div>\n\t\t","protected":false},"author":1,"featured_media":0,"template":"","cpt_layouts_group":[],"class_list":["post-27729","cpt_layouts","type-cpt_layouts","status-publish","hentry"],"yoast_head":"<!-- This site is optimized with the Yoast SEO plugin v27.5 - https:\/\/yoast.com\/product\/yoast-seo-wordpress\/ -->\n<title>Footer Simple (corbesier) - Strada Interiors<\/title>\n<meta name=\"robots\" content=\"index, follow, max-snippet:-1, max-image-preview:large, max-video-preview:-1\" \/>\n<link rel=\"canonical\" href=\"https:\/\/stradainteriors.com\/en\/layouts\/footer-simple-corbesier\/\" \/>\n<meta property=\"og:locale\" content=\"ca_ES\" \/>\n<meta property=\"og:type\" content=\"article\" \/>\n<meta property=\"og:title\" content=\"Footer Simple (corbesier) - Strada Interiors\" \/>\n<meta property=\"og:description\" content=\"FES LA PROVA DEL TEU ESPAI LA MEVA NEWSLETTER Registreu-vos per rebre contingut exclusiu. Serveis Interiorisme comercial Interiorisme residencial Recursos \u00fatils Projectes comercialsProjectes residencialsSobre nosaltres INTERIORISTES AMB ESTUDI A TARRAGONA&hellip;\" \/>\n<meta property=\"og:url\" content=\"https:\/\/stradainteriors.com\/en\/layouts\/footer-simple-corbesier\/\" \/>\n<meta property=\"og:site_name\" content=\"Strada Interiors\" \/>\n<meta property=\"article:modified_time\" content=\"2026-02-24T15:23:31+00:00\" \/>\n<meta name=\"twitter:card\" content=\"summary_large_image\" \/>\n<script type=\"application\/ld+json\" class=\"yoast-schema-graph\">{\"@context\":\"https:\\\/\\\/schema.org\",\"@graph\":[{\"@type\":\"WebPage\",\"@id\":\"https:\\\/\\\/stradainteriors.com\\\/en\\\/layouts\\\/footer-simple-corbesier\\\/\",\"url\":\"https:\\\/\\\/stradainteriors.com\\\/en\\\/layouts\\\/footer-simple-corbesier\\\/\",\"name\":\"Footer Simple (corbesier) - Strada Interiors\",\"isPartOf\":{\"@id\":\"https:\\\/\\\/stradainteriors.com\\\/#website\"},\"datePublished\":\"2021-12-16T07:33:55+00:00\",\"dateModified\":\"2026-02-24T15:23:31+00:00\",\"breadcrumb\":{\"@id\":\"https:\\\/\\\/stradainteriors.com\\\/en\\\/layouts\\\/footer-simple-corbesier\\\/#breadcrumb\"},\"inLanguage\":\"ca\",\"potentialAction\":[{\"@type\":\"ReadAction\",\"target\":[\"https:\\\/\\\/stradainteriors.com\\\/en\\\/layouts\\\/footer-simple-corbesier\\\/\"]}]},{\"@type\":\"BreadcrumbList\",\"@id\":\"https:\\\/\\\/stradainteriors.com\\\/en\\\/layouts\\\/footer-simple-corbesier\\\/#breadcrumb\",\"itemListElement\":[{\"@type\":\"ListItem\",\"position\":1,\"name\":\"Inicio\",\"item\":\"https:\\\/\\\/stradainteriors.com\\\/ca\\\/\"},{\"@type\":\"ListItem\",\"position\":2,\"name\":\"Footer Simple (corbesier)\"}]},{\"@type\":\"WebSite\",\"@id\":\"https:\\\/\\\/stradainteriors.com\\\/#website\",\"url\":\"https:\\\/\\\/stradainteriors.com\\\/\",\"name\":\"Strada Interiors\",\"description\":\"Dise\u00f1o de Interiors\",\"publisher\":{\"@id\":\"https:\\\/\\\/stradainteriors.com\\\/#organization\"},\"potentialAction\":[{\"@type\":\"SearchAction\",\"target\":{\"@type\":\"EntryPoint\",\"urlTemplate\":\"https:\\\/\\\/stradainteriors.com\\\/?s={search_term_string}\"},\"query-input\":{\"@type\":\"PropertyValueSpecification\",\"valueRequired\":true,\"valueName\":\"search_term_string\"}}],\"inLanguage\":\"ca\"},{\"@type\":\"Organization\",\"@id\":\"https:\\\/\\\/stradainteriors.com\\\/#organization\",\"name\":\"Strada Interiors\",\"url\":\"https:\\\/\\\/stradainteriors.com\\\/\",\"logo\":{\"@type\":\"ImageObject\",\"inLanguage\":\"ca\",\"@id\":\"https:\\\/\\\/stradainteriors.com\\\/#\\\/schema\\\/logo\\\/image\\\/\",\"url\":\"https:\\\/\\\/stradainteriors.com\\\/wp-content\\\/uploads\\\/2021\\\/12\\\/logo_strada_marca_negatiu_negre.webp\",\"contentUrl\":\"https:\\\/\\\/stradainteriors.com\\\/wp-content\\\/uploads\\\/2021\\\/12\\\/logo_strada_marca_negatiu_negre.webp\",\"width\":507,\"height\":221,\"caption\":\"Strada Interiors\"},\"image\":{\"@id\":\"https:\\\/\\\/stradainteriors.com\\\/#\\\/schema\\\/logo\\\/image\\\/\"}}]}<\/script>\n<!-- \/ Yoast SEO plugin. -->","yoast_head_json":{"title":"Footer Simple (corbesier) - Strada Interiors","robots":{"index":"index","follow":"follow","max-snippet":"max-snippet:-1","max-image-preview":"max-image-preview:large","max-video-preview":"max-video-preview:-1"},"canonical":"https:\/\/stradainteriors.com\/en\/layouts\/footer-simple-corbesier\/","og_locale":"ca_ES","og_type":"article","og_title":"Footer Simple (corbesier) - Strada Interiors","og_description":"FES LA PROVA DEL TEU ESPAI LA MEVA NEWSLETTER Registreu-vos per rebre contingut exclusiu. Serveis Interiorisme comercial Interiorisme residencial Recursos \u00fatils Projectes comercialsProjectes residencialsSobre nosaltres INTERIORISTES AMB ESTUDI A TARRAGONA&hellip;","og_url":"https:\/\/stradainteriors.com\/en\/layouts\/footer-simple-corbesier\/","og_site_name":"Strada Interiors","article_modified_time":"2026-02-24T15:23:31+00:00","twitter_card":"summary_large_image","schema":{"@context":"https:\/\/schema.org","@graph":[{"@type":"WebPage","@id":"https:\/\/stradainteriors.com\/en\/layouts\/footer-simple-corbesier\/","url":"https:\/\/stradainteriors.com\/en\/layouts\/footer-simple-corbesier\/","name":"Footer Simple (corbesier) - Strada Interiors","isPartOf":{"@id":"https:\/\/stradainteriors.com\/#website"},"datePublished":"2021-12-16T07:33:55+00:00","dateModified":"2026-02-24T15:23:31+00:00","breadcrumb":{"@id":"https:\/\/stradainteriors.com\/en\/layouts\/footer-simple-corbesier\/#breadcrumb"},"inLanguage":"ca","potentialAction":[{"@type":"ReadAction","target":["https:\/\/stradainteriors.com\/en\/layouts\/footer-simple-corbesier\/"]}]},{"@type":"BreadcrumbList","@id":"https:\/\/stradainteriors.com\/en\/layouts\/footer-simple-corbesier\/#breadcrumb","itemListElement":[{"@type":"ListItem","position":1,"name":"Inicio","item":"https:\/\/stradainteriors.com\/ca\/"},{"@type":"ListItem","position":2,"name":"Footer Simple (corbesier)"}]},{"@type":"WebSite","@id":"https:\/\/stradainteriors.com\/#website","url":"https:\/\/stradainteriors.com\/","name":"Strada Interiors","description":"Dise\u00f1o de Interiors","publisher":{"@id":"https:\/\/stradainteriors.com\/#organization"},"potentialAction":[{"@type":"SearchAction","target":{"@type":"EntryPoint","urlTemplate":"https:\/\/stradainteriors.com\/?s={search_term_string}"},"query-input":{"@type":"PropertyValueSpecification","valueRequired":true,"valueName":"search_term_string"}}],"inLanguage":"ca"},{"@type":"Organization","@id":"https:\/\/stradainteriors.com\/#organization","name":"Strada Interiors","url":"https:\/\/stradainteriors.com\/","logo":{"@type":"ImageObject","inLanguage":"ca","@id":"https:\/\/stradainteriors.com\/#\/schema\/logo\/image\/","url":"https:\/\/stradainteriors.com\/wp-content\/uploads\/2021\/12\/logo_strada_marca_negatiu_negre.webp","contentUrl":"https:\/\/stradainteriors.com\/wp-content\/uploads\/2021\/12\/logo_strada_marca_negatiu_negre.webp","width":507,"height":221,"caption":"Strada Interiors"},"image":{"@id":"https:\/\/stradainteriors.com\/#\/schema\/logo\/image\/"}}]}},"_links":{"self":[{"href":"https:\/\/stradainteriors.com\/ca\/wp-json\/wp\/v2\/cpt_layouts\/27729","targetHints":{"allow":["GET"]}}],"collection":[{"href":"https:\/\/stradainteriors.com\/ca\/wp-json\/wp\/v2\/cpt_layouts"}],"about":[{"href":"https:\/\/stradainteriors.com\/ca\/wp-json\/wp\/v2\/types\/cpt_layouts"}],"author":[{"embeddable":true,"href":"https:\/\/stradainteriors.com\/ca\/wp-json\/wp\/v2\/users\/1"}],"version-history":[{"count":5,"href":"https:\/\/stradainteriors.com\/ca\/wp-json\/wp\/v2\/cpt_layouts\/27729\/revisions"}],"predecessor-version":[{"id":32566,"href":"https:\/\/stradainteriors.com\/ca\/wp-json\/wp\/v2\/cpt_layouts\/27729\/revisions\/32566"}],"wp:attachment":[{"href":"https:\/\/stradainteriors.com\/ca\/wp-json\/wp\/v2\/media?parent=27729"}],"wp:term":[{"taxonomy":"cpt_layouts_group","embeddable":true,"href":"https:\/\/stradainteriors.com\/ca\/wp-json\/wp\/v2\/cpt_layouts_group?post=27729"}],"curies":[{"name":"wp","href":"https:\/\/api.w.org\/{rel}","templated":true}]}}